{"id":4509,"date":"2025-06-01T12:27:09","date_gmt":"2025-06-01T17:27:09","guid":{"rendered":"https:\/\/dreamy.tours\/?page_id=4509"},"modified":"2025-07-05T11:07:27","modified_gmt":"2025-07-05T16:07:27","slug":"pacotes-bolivia-excepcional-13-dias","status":"publish","type":"page","link":"https:\/\/dreamy.tours\/pt-br\/bolivia\/pacotes-bolivia-excepcional-13-dias\/","title":{"rendered":"Bolivia Excepcional 13 D\u00edas"},"content":{"rendered":"\n<p>Para os visitantes que querem conhecer a<strong>&nbsp;Bol\u00edvia<\/strong>&nbsp;em toda sua magnitude e explorar as&nbsp;<em>Altas Terras Andinas<\/em>. A&nbsp;<strong>Bol\u00edvia<\/strong>&nbsp;\u00e9 uma atra\u00e7\u00e3o fascinante que oferece uma incr\u00edvel diversidade no turismo cultural e tradicional.<\/p>\n\n\n\n<p>Projetamos suas Excurs\u00f5es unindo os principais destinos da<strong>&nbsp;Bol\u00edvia<\/strong>&nbsp;em um \u00fanico Programa de Viagens do in\u00edcio ao fim, voc\u00ea ter\u00e1 um&nbsp;<strong>servi\u00e7o personalizado<\/strong>.<\/p>\n\n\n\n<p>Basta ver o&nbsp;<strong>Salar de Uyuni<\/strong>&nbsp;que vai surpreend\u00ea-lo com o imenso Lago de Sal branco que parece n\u00e3o ter fim e tem uma beleza incompar\u00e1vel. A beleza&nbsp;<strong>natural da Reserva Eduardo Avaroa<\/strong>. O branco deslumbrante da&nbsp;<strong>Capital de Sucre<\/strong>. O centro hist\u00f3rico de&nbsp;<strong>Potosi<\/strong>&nbsp;e suas incr\u00edveis minas. A Enorme<strong>&nbsp;Cidade de La Paz<\/strong>&nbsp;que est\u00e1 localizada a uma grande altitude. A incr\u00edvel Estrada da Morte que voc\u00ea pode percorrer de bicicleta e a&nbsp;<strong>Ilha do Sol&nbsp;<\/strong>no grandioso&nbsp;<a href=\"https:\/\/dreamy.tours\/pt-br\/blog\/lago-titicaca\/\"><strong>Lago Titicaca&nbsp;<\/strong><\/a>s\u00e3o alguns lugares que voc\u00ea n\u00e3o pode perder.<\/p>\n\n\n\n<!--Markup for citys-->\n\n<div id=\"tour-block_58752974ed29334fc5c3c257291233d0\" class=\"tour mt-10 mb-5\">\n\n      <div class=\"grid grid-cols-2  gap-2 xl:hidden \">\n         <div class=\"border rounded p-2\">\n                  <div>\n                     <svg width=\"25\" class=\"mx-auto mb-1\" height=\"auto\" viewBox=\"0 0 40 25\" fill=\"none\" xmlns=\"http:\/\/www.w3.org\/2000\/svg\">\n                     <path d=\"M26.7857 10.7143C29.75 10.7143 32.125 8.32143 32.125 5.35714C32.125 2.39286 29.75 0 26.7857 0C23.8214 0 21.4286 2.39286 21.4286 5.35714C21.4286 8.32143 23.8214 10.7143 26.7857 10.7143ZM12.5 10.7143C15.4643 10.7143 17.8393 8.32143 17.8393 5.35714C17.8393 2.39286 15.4643 0 12.5 0C9.53571 0 7.14286 2.39286 7.14286 5.35714C7.14286 8.32143 9.53571 10.7143 12.5 10.7143ZM12.5 14.2857C8.33929 14.2857 0 16.375 0 20.5357V23.2143C0 24.1964 0.803571 25 1.78571 25H23.2143C24.1964 25 25 24.1964 25 23.2143V20.5357C25 16.375 16.6607 14.2857 12.5 14.2857ZM26.7857 14.2857C26.2679 14.2857 25.6786 14.3214 25.0536 14.375C25.0893 14.3929 25.1071 14.4286 25.125 14.4464C27.1607 15.9286 28.5714 17.9107 28.5714 20.5357V23.2143C28.5714 23.8393 28.4464 24.4464 28.25 25H37.5C38.4821 25 39.2857 24.1964 39.2857 23.2143V20.5357C39.2857 16.375 30.9464 14.2857 26.7857 14.2857Z\" fill=\"#64CAD9\"\/>\n                     <\/svg>\n                  <\/div>\n                  <div class=\"text-center\">\n                                                            <span class=\"font-semibold block text-sm\">Tamanho do Grupo<\/span>  <span class=\"text-sm\">At\u00e9 16<\/span>\n                        \t\t                  <\/div>\n         <\/div>\n         <div class=\"border rounded  p-2\">\n                  <div>\n                     <svg width=\"20\" height=\"auto\" class=\"mx-auto mb-1\" viewBox=\"0 0 40 32\" fill=\"none\" xmlns=\"http:\/\/www.w3.org\/2000\/svg\">\n                        <g clip-path=\"url(#clip0_369_4071)\">\n                        <path d=\"M35 10C36.3261 10 37.5979 9.47322 38.5355 8.53553C39.4732 7.59785 40 6.32608 40 5C40 3.67392 39.4732 2.40215 38.5355 1.46447C37.5979 0.526784 36.3261 0 35 0C33.6739 0 32.4021 0.526784 31.4645 1.46447C30.5268 2.40215 30 3.67392 30 5C30 6.32608 30.5268 7.59785 31.4645 8.53553C32.4021 9.47322 33.6739 10 35 10ZM3.49375 32H23.8188H28.5063H36.1813C38.2938 32 40 30.2875 40 28.1812C40 27.4812 39.8062 26.7938 39.4437 26.1938L31.1938 12.675C30.9375 12.2563 30.4875 12 30 12C29.5125 12 29.0625 12.2562 28.8062 12.6687L25.7938 17.6063L17.925 5.0625C17.5125 4.4 16.7812 4 16 4C15.2188 4 14.4937 4.4 14.075 5.0625L0.5375 26.65C0.1875 27.2062 0 27.85 0 28.5063C0 30.4375 1.5625 32 3.49375 32Z\" fill=\"#64CAD9\"\/>\n                        <\/g>\n                        <defs>\n                        <clipPath id=\"clip0_369_4071\">\n                        <rect width=\"40\" height=\"32\" fill=\"white\"\/>\n                        <\/clipPath>\n                        <\/defs>\n                        <\/svg>\n                  <\/div> \n                  <div class=\"text-center\">\n                                                               <span class=\"font-semibold block text-sm\">Altitude M\u00e1xima:<\/span> <span class=\"text-sm\"> 3.399 m.s.n.m.<\/span>\n                        \t\t                  <\/div>                 \n         <\/div>\n         <div class=\"border rounded  p-2\">\n                  <div>\n                  <svg width=\"23\" height=\"auto\" class=\"mx-auto mb-1\" viewBox=\"0 0 28 20\" fill=\"none\" xmlns=\"http:\/\/www.w3.org\/2000\/svg\">\n                  <path d=\"M17.5 10C20.2625 10 22.5 7.7625 22.5 5C22.5 2.2375 20.2625 0 17.5 0C14.7375 0 12.5 2.2375 12.5 5C12.5 7.7625 14.7375 10 17.5 10ZM6.25 7.5V5C6.25 4.3125 5.6875 3.75 5 3.75C4.3125 3.75 3.75 4.3125 3.75 5V7.5H1.25C0.5625 7.5 0 8.0625 0 8.75C0 9.4375 0.5625 10 1.25 10H3.75V12.5C3.75 13.1875 4.3125 13.75 5 13.75C5.6875 13.75 6.25 13.1875 6.25 12.5V10H8.75C9.4375 10 10 9.4375 10 8.75C10 8.0625 9.4375 7.5 8.75 7.5H6.25ZM17.5 12.5C14.1625 12.5 7.5 14.175 7.5 17.5V18.75C7.5 19.4375 8.0625 20 8.75 20H26.25C26.9375 20 27.5 19.4375 27.5 18.75V17.5C27.5 14.175 20.8375 12.5 17.5 12.5Z\" fill=\"#64CAD9\"\/><\/svg>\n                  <\/div> \n                  <div class=\"text-center\">\n                                                               <span class=\"font-semibold block text-sm\">Tipo de servi\u00e7o:<\/span> <span class=\"text-sm\"> Grupal<\/span>\n                        \t\t                  <\/div>                 \n         <\/div>\n\n         <div class=\"border rounded  p-2\">\n                  <div>\n                  <svg width=\"20\" height=\"auto\" class=\"mx-auto mb-1\" viewBox=\"0 0 22 20\" fill=\"none\" xmlns=\"http:\/\/www.w3.org\/2000\/svg\">\n                  <path d=\"M21.5385 20H15.3846V0H21.5385V20ZM13.8462 20H7.69231V6.15385H13.8462V20ZM6.15385 20H0V10.7692H6.15385V20Z\" fill=\"#64CAD9\"\/>\n                  <\/svg>\n                  <\/div> \n                  <div class=\"text-center\">\n                                                                <span class=\"font-semibold text-sm block\">Dificuldade:<\/span> <span class=\"text-sm\">Baixo<\/span>\n                        \t\t                  <\/div>                 \n         <\/div>\n\n         <div class=\"col-span-2 border rounded  p-2\">\n                           <svg width=\"15\" height=\"20\" class=\"block mx-auto\" viewBox=\"0 0 25 30\" fill=\"none\" xmlns=\"http:\/\/www.w3.org\/2000\/svg\">\n                              <path d=\"M5.35714 2.3125V4.125H2.67857C1.19978 4.125 0 5.34277 0 6.84375V9.5625H25V6.84375C25 5.34277 23.8002 4.125 22.3214 4.125H19.6429V2.3125C19.6429 1.30996 18.8449 0.5 17.8571 0.5C16.8694 0.5 16.0714 1.30996 16.0714 2.3125V4.125H8.92857V2.3125C8.92857 1.30996 8.13058 0.5 7.14286 0.5C6.15513 0.5 5.35714 1.30996 5.35714 2.3125ZM25 11.375H0V26.7812C0 28.2822 1.19978 29.5 2.67857 29.5H22.3214C23.8002 29.5 25 28.2822 25 26.7812V11.375Z\" fill=\"#64CAD9\"\/>\n                              <\/svg>\n\n                              \n                           <div class=\"text-center\">\n                                                            <span class=\"font-semibold text-sm\">Dura\u00e7\u00e3o:<\/span> <span class=\"text-sm\">13 Dias \/ 12 Noites<\/span>\n                        \t\t                           <\/div>\n\n\n         <\/div>\n         \n      <\/div>\n\n      <table class=\"table-tour border w-full mx-auto hidden xl:table\">\n         <tbody>\n            <tr>\n               <td colspan=\"2\">\n                  <div class=\"text-center flex items-center justify-center gap-x-1\">\n                 \n<svg width=\"33\" height=\"33\" viewBox=\"0 0 22 22\" fill=\"none\" xmlns=\"http:\/\/www.w3.org\/2000\/svg\">\n<g clip-path=\"url(#clip0_155_13)\">\n<path d=\"M10.9388 10.5722C12.5888 10.5722 13.8721 9.2278 13.8721 7.5778C13.8721 5.9278 12.5277 4.64447 10.8777 4.64447C9.22767 4.64447 7.94434 5.98891 7.94434 7.5778C7.94434 9.2278 9.28878 10.5722 10.9388 10.5722ZM10.8777 5.86669C10.9388 5.86669 10.9388 5.86669 10.8777 5.86669C11.8554 5.86669 12.6499 6.66114 12.6499 7.63891C12.6499 8.61669 11.8554 9.35003 10.8777 9.35003C9.89989 9.35003 9.16656 8.55558 9.16656 7.63891C9.16656 6.66114 9.961 5.86669 10.8777 5.86669Z\" fill=\"#31A38C\"\/>\n<path d=\"M19.9834 10.2055C18.8223 9.16664 17.2945 8.61664 15.7056 8.67776H15.2167C15.0945 9.16664 14.9112 9.59442 14.6667 9.96109C15.0334 9.89998 15.339 9.89998 15.7056 9.89998C16.8667 9.83887 18.0279 10.2055 18.9445 10.8778V15.2778H20.1667V10.3889L19.9834 10.2055Z\" fill=\"#31A38C\"\/>\n<path d=\"M14.2999 4.7667C14.6054 4.03336 15.461 3.6667 16.2554 3.97225C16.9888 4.27781 17.3554 5.13336 17.0499 5.92781C16.8054 6.47781 16.2554 6.84447 15.7054 6.84447C15.5832 6.84447 15.3999 6.84447 15.2777 6.78336C15.3388 7.08892 15.3388 7.39447 15.3388 7.63892V8.00559C15.461 8.00559 15.5832 8.0667 15.7054 8.0667C17.2332 8.0667 18.4554 6.84447 18.4554 5.37781C18.4554 3.85003 17.2332 2.62781 15.7666 2.62781C14.7888 2.62781 13.9332 3.1167 13.4443 3.97225C13.7499 4.15559 14.0554 4.40003 14.2999 4.7667Z\" fill=\"#31A38C\"\/>\n<path d=\"M7.33325 10.0222C7.08881 9.65553 6.90547 9.22775 6.78325 8.73886H6.29436C4.70547 8.67775 3.1777 9.22775 2.01659 10.2055L1.83325 10.3889V15.2777H3.05547V10.8777C4.03325 10.2055 5.13325 9.83886 6.29436 9.89997C6.66103 9.89997 7.0277 9.96108 7.33325 10.0222Z\" fill=\"#31A38C\"\/>\n<path d=\"M6.29441 8.00558C6.41663 8.00558 6.53886 8.00558 6.66108 7.94447V7.5778C6.66108 7.27224 6.66108 6.96669 6.72219 6.72224C6.59997 6.78336 6.41663 6.78336 6.29441 6.78336C5.49997 6.78336 4.82775 6.11113 4.82775 5.31669C4.82775 4.52224 5.49997 3.85002 6.29441 3.85002C6.90552 3.85002 7.45552 4.21669 7.69997 4.76669C7.94441 4.46113 8.31108 4.15558 8.61663 3.91113C7.82219 2.6278 6.17219 2.20002 4.88886 2.99447C3.60552 3.78891 3.17775 5.43891 3.97219 6.72224C4.46108 7.51669 5.31663 8.00558 6.29441 8.00558Z\" fill=\"#31A38C\"\/>\n<path d=\"M15.95 13.8722L15.8278 13.6889C14.6055 12.3445 12.8944 11.55 11.0611 11.6111C9.22775 11.55 7.45553 12.3445 6.23331 13.6889L6.11108 13.8722V18.5167C6.11108 19.0667 6.53886 19.5556 7.14997 19.5556H14.9722C15.5222 19.5556 16.0111 19.0667 16.0111 18.5167V13.8722H15.95ZM14.7278 18.3334H7.33331V14.3C8.31108 13.3222 9.65553 12.8334 11.0611 12.8334C12.4055 12.7722 13.75 13.3222 14.7278 14.3V18.3334Z\" fill=\"#31A38C\"\/>\n<\/g>\n<defs>\n<clipPath id=\"clip0_155_13\">\n<rect width=\"22\" height=\"22\" fill=\"white\"\/>\n<\/clipPath>\n<\/defs>\n<\/svg>\n\n\n                                                               <span class=\"font-bold text-sm\">Tamanho do Grupo:<\/span>  <span class=\"text-sm\">At\u00e9 16<\/span>\n                        \t\t\n                  <\/td>\n                  <\/div>\n               <td colspan=\"2\" >\n                   <div class=\"text-center flex items-center justify-center gap-x-1\">\n                     \n                   <svg width=\"28\" height=\"22\" viewBox=\"0 0 26 20\" fill=\"none\" xmlns=\"http:\/\/www.w3.org\/2000\/svg\">\n\t\t\t\t\t\t\t\t\t<path d=\"M13.9433 0L13.1853 1.38455L7.76493 11.2732L6.17255 9.67513L5.62403 10.5909L0.753804 18.7372L0 20H26L25.503 18.8365L23.0097 12.998L22.526 11.8662L20.8073 13.5911L14.6547 1.40957L13.9433 0ZM13.8826 3.57146L16.4092 8.5725L15.7659 9.12632L13.871 7.49739L11.9769 9.12632L11.204 8.4599L13.8826 3.57146ZM13.8718 9.69348L15.7667 11.3224L17.1812 10.1047L19.8407 15.3718L20.3577 16.4002L21.9634 14.7888L23.476 18.3319H2.9346L6.50249 12.365L8.15471 14.0231L8.68828 13.0506L10.3862 9.95371L11.9769 11.3216L13.8718 9.69348Z\" fill=\"#31A38C\"><\/path>\n\t\t\t\t\t\t\t\t<\/svg>\n\n                                                               <span class=\"font-bold text-sm\">Altitude M\u00e1xima:<\/span> <span class=\"text-sm\"> 3.399 m.s.n.m.<\/span>\n                        \t\t\n                     \n                    <\/div>\n                <\/td>\n               <td colspan=\"2\"> \n                  <div class=\"text-center flex items-center justify-center gap-x-1\">\n                  \n<svg width=\"25\" height=\"20\" viewBox=\"0 0 25 20\" fill=\"none\" xmlns=\"http:\/\/www.w3.org\/2000\/svg\">\n<path d=\"M7.49962 1.48141C6.64718 1.48141 5.82965 1.83259 5.22689 2.45768C4.62413 3.08277 4.2855 3.93058 4.2855 4.81459C4.2855 5.6986 4.62413 6.54641 5.22689 7.1715C5.82965 7.79659 6.64718 8.14777 7.49962 8.14777C8.35205 8.14777 9.16958 7.79659 9.77234 7.1715C10.3751 6.54641 10.7137 5.6986 10.7137 4.81459C10.7137 3.93058 10.3751 3.08277 9.77234 2.45768C9.16958 1.83259 8.35205 1.48141 7.49962 1.48141ZM2.857 4.81459C2.857 3.53768 3.34613 2.31307 4.21679 1.41016C5.08745 0.50725 6.26832 0 7.49962 0C8.73092 0 9.91178 0.50725 10.7824 1.41016C11.6531 2.31307 12.1422 3.53768 12.1422 4.81459C12.1422 6.0915 11.6531 7.31611 10.7824 8.21902C9.91178 9.12193 8.73092 9.62918 7.49962 9.62918C6.26832 9.62918 5.08745 9.12193 4.21679 8.21902C3.34613 7.31611 2.857 6.0915 2.857 4.81459ZM14.0736 11.8898C13.5465 11.3886 12.8574 11.1105 12.1422 11.1106H2.857C2.09927 11.1106 1.37259 11.4227 0.836795 11.9784C0.301004 12.534 0 13.2876 0 14.0734V14.1979C0.00205528 14.2845 0.00777472 14.371 0.0171419 14.4571C0.118387 15.4172 0.447195 16.3363 0.974236 17.1325C1.97561 18.6362 3.9098 19.9991 7.49962 19.9991C9.61522 19.9991 11.1566 19.525 12.2694 18.8287L11.3408 17.8658L11.2266 17.7369C10.3652 18.1947 9.16953 18.5177 7.49962 18.5177C4.30407 18.5177 2.84557 17.334 2.14989 16.2911C1.76028 15.7016 1.51601 15.022 1.4385 14.3119L1.42993 14.189L1.4285 14.1638V14.0734C1.4285 13.6805 1.579 13.3037 1.8469 13.0259C2.11479 12.7481 2.47814 12.592 2.857 12.592H12.1422C12.4922 12.592 12.8136 12.7224 13.0622 12.9401L14.0736 11.8898ZM18.5705 3.70353C18.0022 3.70353 17.4572 3.93765 17.0553 4.35437C16.6535 4.7711 16.4277 5.33631 16.4277 5.92565C16.4277 6.51499 16.6535 7.0802 17.0553 7.49692C17.4572 7.91365 18.0022 8.14777 18.5705 8.14777C19.1388 8.14777 19.6838 7.91365 20.0856 7.49692C20.4875 7.0802 20.7132 6.51499 20.7132 5.92565C20.7132 5.33631 20.4875 4.7711 20.0856 4.35437C19.6838 3.93765 19.1388 3.70353 18.5705 3.70353ZM14.9992 5.92565C14.9992 4.94341 15.3755 4.0014 16.0452 3.30686C16.715 2.61231 17.6233 2.22212 18.5705 2.22212C19.5176 2.22212 20.426 2.61231 21.0957 3.30686C21.7655 4.0014 22.1417 4.94341 22.1417 5.92565C22.1417 6.90789 21.7655 7.84989 21.0957 8.54444C20.426 9.23899 19.5176 9.62918 18.5705 9.62918C17.6233 9.62918 16.715 9.23899 16.0452 8.54444C15.3755 7.84989 14.9992 6.90789 14.9992 5.92565ZM16.2192 13.8571C16.3533 13.718 16.4286 13.5294 16.4286 13.3327C16.4286 13.136 16.3533 12.9474 16.2192 12.8083C16.0851 12.6692 15.9032 12.5911 15.7135 12.5911C15.5238 12.5911 15.3419 12.6692 15.2078 12.8083L12.3508 15.7711C12.2843 15.8399 12.2315 15.9217 12.1955 16.0116C12.1595 16.1016 12.141 16.1981 12.141 16.2955C12.141 16.393 12.1595 16.4894 12.1955 16.5794C12.2315 16.6694 12.2843 16.7511 12.3508 16.82L15.2078 19.7828C15.3419 19.9219 15.5238 20 15.7135 20C15.9032 20 16.0851 19.9219 16.2192 19.7828C16.3533 19.6437 16.4286 19.4551 16.4286 19.2584C16.4286 19.0617 16.3533 18.873 16.2192 18.7339L14.5807 17.0362H22.5603L20.9218 18.7339C20.7877 18.873 20.7123 19.0617 20.7123 19.2584C20.7123 19.4551 20.7877 19.6437 20.9218 19.7828C21.0559 19.9219 21.2378 20 21.4275 20C21.6171 20 21.799 19.9219 21.9332 19.7828L24.7902 16.82C24.8567 16.7511 24.9095 16.6694 24.9455 16.5794C24.9815 16.4894 25 16.393 25 16.2955C25 16.1981 24.9815 16.1016 24.9455 16.0116C24.9095 15.9217 24.8567 15.8399 24.7902 15.7711L21.9332 12.8083C21.799 12.6692 21.6171 12.5911 21.4275 12.5911C21.2378 12.5911 21.0559 12.6692 20.9218 12.8083C20.7877 12.9474 20.7123 13.136 20.7123 13.3327C20.7123 13.5294 20.7877 13.718 20.9218 13.8571L22.5603 15.5548H14.5807L16.2192 13.8571Z\" fill=\"#31A38C\"\/>\n<\/svg>\n\n\n\n                                                                     <span class=\"font-bold text-sm\">Tipo de servi\u00e7o:<\/span> <span class=\"text-sm\"> Grupal<\/span>\n                                 \n                     \n                  <\/div>\n\n               <\/td>\n            <\/tr>\n            <tr>\n               <td colspan=\"3\" class=\"text-center\">\n               <div class=\"text-center flex items-center justify-center gap-x-1\">\n               <svg width=\"20\" height=\"20\" viewBox=\"0 0 20 20\" fill=\"none\" xmlns=\"http:\/\/www.w3.org\/2000\/svg\">\n<path d=\"M16.1538 0L12.3077 2.88462V7.88462L10 6.15385L6.15385 9.03846V14.0385L3.84615 12.3077L0 15.1923V20H1.53846V15.9615L3.84615 14.2308L6.15385 15.9615V20H7.69231V9.80769L10 8.07692L12.3077 9.80769V20H13.8462V3.65385L16.1538 1.92308L18.4615 3.65385V20H20V2.88462L16.1538 0Z\" fill=\"#31A38C\"\/>\n<\/svg>\n\n\n                                                               <span class=\"font-bold text-sm\">Dificuldade:<\/span> <span class=\"text-sm\">Baixo<\/span>\n                        \t\t\n                     \n\n                  <\/div>\n             \n               <\/td>\n               <td colspan=\"3\" class=\"text-center\">\n                  <div class=\"text-center flex items-center justify-center gap-x-1\">\n\n                      <svg width=\"22\" height=\"22\" viewBox=\"0 0 22 22\" fill=\"none\" xmlns=\"http:\/\/www.w3.org\/2000\/svg\">\n\t\t\t\t\t\t\t\t\t<path d=\"M1 11C1 7.229 1 5.343 2.172 4.172C3.344 3.001 5.229 3 9 3H13C16.771 3 18.657 3 19.828 4.172C20.999 5.344 21 7.229 21 11V13C21 16.771 21 18.657 19.828 19.828C18.656 20.999 16.771 21 13 21H9C5.229 21 3.343 21 2.172 19.828C1.001 18.656 1 16.771 1 13V11Z\" stroke=\"#31A38C\" stroke-width=\"1.5\"><\/path>\n\t\t\t\t\t\t\t\t\t<path d=\"M6 3V1.5M16 3V1.5M1.5 8H20.5\" stroke=\"#31A38C\" stroke-width=\"1.5\" stroke-linecap=\"round\"><\/path>\n\t\t\t\t\t\t\t\t\t<path d=\"M6 15.5C6.13261 15.5 6.25975 15.5527 6.35352 15.6465C6.44728 15.7403 6.5 15.8674 6.5 16C6.5 16.1326 6.44728 16.2597 6.35352 16.3535C6.25975 16.4473 6.13261 16.5 6 16.5C5.86739 16.5 5.74025 16.4473 5.64648 16.3535C5.55272 16.2597 5.5 16.1326 5.5 16C5.5 15.8674 5.55272 15.7403 5.64648 15.6465C5.74025 15.5527 5.86739 15.5 6 15.5ZM11 15.5C11.1326 15.5 11.2597 15.5527 11.3535 15.6465C11.4473 15.7403 11.5 15.8674 11.5 16C11.5 16.1326 11.4473 16.2597 11.3535 16.3535C11.2597 16.4473 11.1326 16.5 11 16.5C10.8674 16.5 10.7403 16.4473 10.6465 16.3535C10.5527 16.2597 10.5 16.1326 10.5 16C10.5 15.8674 10.5527 15.7403 10.6465 15.6465C10.7403 15.5527 10.8674 15.5 11 15.5ZM16 15.5C16.1326 15.5 16.2597 15.5527 16.3535 15.6465C16.4473 15.7403 16.5 15.8674 16.5 16C16.5 16.1326 16.4473 16.2597 16.3535 16.3535C16.2597 16.4473 16.1326 16.5 16 16.5C15.8674 16.5 15.7403 16.4473 15.6465 16.3535C15.5527 16.2597 15.5 16.1326 15.5 16C15.5 15.8674 15.5527 15.7403 15.6465 15.6465C15.7403 15.5527 15.8674 15.5 16 15.5ZM6 11.5C6.13261 11.5 6.25975 11.5527 6.35352 11.6465C6.44728 11.7403 6.5 11.8674 6.5 12C6.5 12.1326 6.44728 12.2597 6.35352 12.3535C6.25975 12.4473 6.13261 12.5 6 12.5C5.86739 12.5 5.74025 12.4473 5.64648 12.3535C5.55272 12.2597 5.5 12.1326 5.5 12C5.5 11.8674 5.55272 11.7403 5.64648 11.6465C5.74025 11.5527 5.86739 11.5 6 11.5ZM11 11.5C11.1326 11.5 11.2597 11.5527 11.3535 11.6465C11.4473 11.7403 11.5 11.8674 11.5 12C11.5 12.1326 11.4473 12.2597 11.3535 12.3535C11.2597 12.4473 11.1326 12.5 11 12.5C10.8674 12.5 10.7403 12.4473 10.6465 12.3535C10.5527 12.2597 10.5 12.1326 10.5 12C10.5 11.8674 10.5527 11.7403 10.6465 11.6465C10.7403 11.5527 10.8674 11.5 11 11.5ZM16 11.5C16.1326 11.5 16.2597 11.5527 16.3535 11.6465C16.4473 11.7403 16.5 11.8674 16.5 12C16.5 16.1326 16.4473 12.2597 16.3535 12.3535C16.2597 12.4473 16.1326 12.5 16 12.5C15.8674 12.5 15.7403 12.4473 15.6465 12.3535C15.5527 12.2597 15.5 12.1326 15.5 12C15.5 11.8674 15.5527 11.7403 15.6465 11.6465C15.7403 11.5527 15.8674 11.5 16 11.5Z\" fill=\"black\" stroke=\"#31A38C\"><\/path>\n\t\t\t\t\t\t\t\t<\/svg>\n                     \n\n                                                             <span class=\"font-bold text-sm\">Dura\u00e7\u00e3o:<\/span> <span class=\"text-sm\">13 Dias \/ 12 Noites<\/span>\n                        \t\t\n                        \n                  <\/div>\n               <\/td>\n            <\/tr>\n         <\/tbody>\n      <\/table>\n\n      <div class=\"flex justify-center mt-8\">\n        <div class=\"flex gap-x-6\">\n\n                 \n        <a href=\"https:\/\/api.whatsapp.com\/send\/?phone=51969787221&#038;text=Ol%C3%A1%2C+gostaria+de+mais+informa%C3%A7%C3%B5es+sobre+Bolivia+Excepcional+13+D%C3%ADas\" target=\"_blank\" class=\"bg-green-500 px-5 py-1 text-white rounded-lg flex  justify-center items-center hover:bg-green-600 transition-all delay-150 gap-x-1 mx-auto\"> \n         <svg xmlns=\"http:\/\/www.w3.org\/2000\/svg\" width=\"18\" height=\"18\" fill=\"\" class=\"fill-white\" viewBox=\"0 0 16 16\">\n         <path d=\"M13.601 2.326A7.85 7.85 0 0 0 7.994 0C3.627 0 .068 3.558.064 7.926c0 1.399.366 2.76 1.057 3.965L0 16l4.204-1.102a7.9 7.9 0 0 0 3.79.965h.004c4.368 0 7.926-3.558 7.93-7.93A7.9 7.9 0 0 0 13.6 2.326zM7.994 14.521a6.6 6.6 0 0 1-3.356-.92l-.24-.144-2.494.654.666-2.433-.156-.251a6.56 6.56 0 0 1-1.007-3.505c0-3.626 2.957-6.584 6.591-6.584a6.56 6.56 0 0 1 4.66 1.931 6.56 6.56 0 0 1 1.928 4.66c-.004 3.639-2.961 6.592-6.592 6.592m3.615-4.934c-.197-.099-1.17-.578-1.353-.646-.182-.065-.315-.099-.445.099-.133.197-.513.646-.627.775-.114.133-.232.148-.43.05-.197-.1-.836-.308-1.592-.985-.59-.525-.985-1.175-1.103-1.372-.114-.198-.011-.304.088-.403.087-.088.197-.232.296-.346.1-.114.133-.198.198-.33.065-.134.034-.248-.015-.347-.05-.099-.445-1.076-.612-1.47-.16-.389-.323-.335-.445-.34-.114-.007-.247-.007-.38-.007a.73.73 0 0 0-.529.247c-.182.198-.691.677-.691 1.654s.71 1.916.81 2.049c.098.133 1.394 2.132 3.383 2.992.47.205.84.326 1.129.418.475.152.904.129 1.246.08.38-.058 1.171-.48 1.338-.943.164-.464.164-.86.114-.943-.049-.084-.182-.133-.38-.232\"\/>\n         <\/svg> \n          <span class=\"tracking-wider font-nunito text-base block\"> Whatsapp<\/span>\n         <\/a>\n\n         <button class=\"bg-dcolor hover:bg-gray-800 text-white px-4 flex items-center  justify-center rounded-lg transition-all delay-150 gap-x-1 mx-auto\" id=\"openModal\">\n\n         <svg xmlns=\"http:\/\/www.w3.org\/2000\/svg\" width=\"24\" height=\"18\" fill=\"currentColor\" class=\"fill-white\" viewBox=\"0 0 16 16\">\n         <path d=\"M.05 3.555A2 2 0 0 1 2 2h12a2 2 0 0 1 1.95 1.555L8 8.414zM0 4.697v7.104l5.803-3.558zM6.761 8.83l-6.57 4.027A2 2 0 0 0 2 14h12a2 2 0 0 0 1.808-1.144l-6.57-4.027L8 9.586zm3.436-.586L16 11.801V4.697z\"\/>\n         <\/svg>\n\n                                                  \t\t  <span class=\"tracking-wider font-nunito text-base block\">Contato<\/span>\n                        \t\t\n           \n         \n         <\/button>\n\n\n         \n        <\/div>\n      <\/div>\n\n\n         <!-- Modal Container -->\n         <div id=\"myModal\" class=\"fixed inset-0 z-50 hidden overflow-auto bg-black bg-opacity-50 transition-opacity\">\n               <div class=\"flex items-center justify-center h-screen\">\n                     <!-- Modal Content -->\n                     <div id=\"modalContent\" class=\"bg-white p-8 rounded shadow-md transform scale-0 transition-transform relative md:max-w-screen-sm  lg:max-w-screen-lg max-h-screen-3\/4\">\n                        <!-- Close Button -->\n                        <button id=\"closeModal\" class=\"absolute top-0 right-0 mt-2 mr-2 text-gray-500 hover:text-gray-700\">\n                              <svg xmlns=\"http:\/\/www.w3.org\/2000\/svg\" width=\"16\" height=\"16\" fill=\"currentColor\" class=\"fill-dcolor bg-white\" viewBox=\"0 0 16 16\">\n                              <path d=\"M2 0a2 2 0 0 0-2 2v12a2 2 0 0 0 2 2h12a2 2 0 0 0 2-2V2a2 2 0 0 0-2-2zm3.354 4.646L8 7.293l2.646-2.647a.5.5 0 0 1 .708.708L8.707 8l2.647 2.646a.5.5 0 0 1-.708.708L8 8.707l-2.646 2.647a.5.5 0 0 1-.708-.708L7.293 8 4.646 5.354a.5.5 0 1 1 .708-.708\"\/>\n                              <\/svg>\n                        <\/button>\n                                                    \n<div class=\"wpcf7 no-js\" id=\"wpcf7-f7356-o1\" lang=\"en-US\" dir=\"ltr\" data-wpcf7-id=\"7356\">\n<div class=\"screen-reader-response\"><p role=\"status\" aria-live=\"polite\" aria-atomic=\"true\"><\/p> <ul><\/ul><\/div>\n<form action=\"\/pt-br\/wp-json\/wp\/v2\/pages\/4509#wpcf7-f7356-o1\" method=\"post\" class=\"wpcf7-form init\" aria-label=\"Contact form\" novalidate=\"novalidate\" data-status=\"init\">\n<fieldset class=\"hidden-fields-container\"><input type=\"hidden\" name=\"_wpcf7\" value=\"7356\" \/><input type=\"hidden\" name=\"_wpcf7_version\" value=\"6.1.5\" \/><input type=\"hidden\" name=\"_wpcf7_locale\" value=\"en_US\" \/><input type=\"hidden\" name=\"_wpcf7_unit_tag\" value=\"wpcf7-f7356-o1\" \/><input type=\"hidden\" name=\"_wpcf7_container_post\" value=\"0\" \/><input type=\"hidden\" name=\"_wpcf7_posted_data_hash\" value=\"\" \/><input type=\"hidden\" name=\"_wpcf7_recaptcha_response\" value=\"\" \/>\n<\/fieldset>\n<div class=\"formtour\">\n                <span class=\"linec\">Entre em contato <\/span>  \n                <p>Preencha o formul\u00e1rio para solicitar mais informa\u00e7\u00f5es<\/p>\n                <label>Tour<\/label>\n                 <span class=\"wpcf7-form-control-wrap\" data-name=\"page-title\"><input size=\"40\" maxlength=\"400\" class=\"wpcf7-form-control wpcf7-text\" readonly=\"readonly\" aria-invalid=\"false\" value=\"\" type=\"text\" name=\"page-title\" \/><\/span>   \n                <label>Nome<\/label>\n                  <span class=\"wpcf7-form-control-wrap\" data-name=\"name5\"><input size=\"40\" maxlength=\"400\" class=\"wpcf7-form-control wpcf7-text wpcf7-validates-as-required\" aria-required=\"true\" aria-invalid=\"false\" value=\"\" type=\"text\" name=\"name5\" \/><\/span>\n                <label>Email<\/label>\n                  <span class=\"wpcf7-form-control-wrap\" data-name=\"email5\"><input size=\"40\" maxlength=\"400\" class=\"wpcf7-form-control wpcf7-email wpcf7-validates-as-required wpcf7-text wpcf7-validates-as-email\" aria-required=\"true\" aria-invalid=\"false\" value=\"\" type=\"email\" name=\"email5\" \/><\/span>\n                <label>Whatsapp<\/label>\n                 <span class=\"wpcf7-form-control-wrap\" data-name=\"whatsappn\"><input size=\"40\" class=\"wpcf7-form-control wpcf7-phonetext wpcf7-text wpcf7-validates-as-phonetext\" aria-invalid=\"false\" value=\"\" type=\"text\" name=\"whatsappn\" \/><input type=\"hidden\" name=\"whatsappn-country-code\" class=\"wpcf7-phonetext-country-code\" \/><\/span>\n                <label>Mensagem<\/label>\n                <span class=\"wpcf7-form-control-wrap\" data-name=\"message5\"><textarea cols=\"5\" rows=\"5\" maxlength=\"2000\" class=\"wpcf7-form-control wpcf7-textarea\" aria-invalid=\"false\" name=\"message5\"><\/textarea><\/span>\n<span class=\"wpcf7-form-control-wrap\" data-name=\"conditions\"><span class=\"wpcf7-form-control wpcf7-acceptance\"><span class=\"wpcf7-list-item\"><label><input type=\"checkbox\" name=\"conditions\" value=\"1\" checked=\"checked\" class=\"terms\" aria-invalid=\"false\" \/><span class=\"wpcf7-list-item-label\">Eu li e aceito os <a target=\"_blank\" href=\"https:\/\/dreamy.tours\/pt-br\/politicas-protecao-dados-pessoais\/\">Pol\u00edticas de prote\u00e7\u00e3o de dados pessoais.<\/a><\/span><\/label><\/span><\/span><\/span>\n                <input class=\"wpcf7-form-control wpcf7-submit has-spinner send25\" type=\"submit\" value=\"Enviar\" \/>           \n        <\/div><div class=\"wpcf7-response-output\" aria-hidden=\"true\"><\/div>\n<\/form>\n<\/div>\n                        \n                        \n                        \n                     <\/div>\n               <\/div>\n            <\/div>\n\n\n<\/div>\n\n\n<div class=\"responsive-tabs\">\n<h2 class=\"tabtitle\"><span class=\"fa fa-list-alt\"><\/span>Itiner\u00e1rio<\/h2>\n<div class=\"tabcontent\">\n\n\n\n\n<div class=\"wp-block-advgb-accordions advgb-accordions-a9c419d5-cea7-4763-9de7-621084d635c1 advgb-accordion-wrapper\">\n<div class=\"wp-block-advgb-accordion-item advgb-accordion-item\" style=\"margin-bottom:15px\"><div class=\"advgb-accordion-header\" style=\"background-color:#ffffff;color:#000000;border-style:solid;border-width:1px;border-radius:2px\"><span class=\"advgb-accordion-header-icon accordion-state\"><svg class=\"advgb-icon-closed\" fill=\"#000000\" xmlns=\"http:\/\/www.w3.org\/2000\/svg\" width=\"24\" height=\"24\" viewBox=\"0 0 24 24\"><path fill=\"none\" d=\"M0,0h24v24H0V0z\"><\/path><path d=\"M13,7h-2v4H7v2h4v4h2v-4h4v-2h-4V7z M12,2C6.48,2,2,6.48,2,12s4.48,10,10,10s10-4.48,10-10S17.52,2,12,2z M12,20 c-4.41,0-8-3.59-8-8s3.59-8,8-8s8,3.59,8,8S16.41,20,12,20z\"><\/path><\/svg><svg class=\"advgb-icon-opened\" fill=\"#000000\" xmlns=\"http:\/\/www.w3.org\/2000\/svg\" width=\"24\" height=\"24\" viewBox=\"0 0 24 24\"><path fill=\"none\" d=\"M0,0h24v24H0V0z\"><\/path><path d=\"M7,11v2h10v-2H7z M12,2C6.48,2,2,6.48,2,12s4.48,10,10,10s10-4.48,10-10S17.52,2,12,2z M12,20 c-4.41,0-8-3.59-8-8s3.59-8,8-8s8,3.59,8,8S16.41,20,12,20z\"><\/path><\/svg><\/span><h2 class=\"advgb-accordion-header-title\" style=\"color:inherit\">Dia 1: Recep\u00e7\u00e3o de La Paz.<\/h2><\/div><div class=\"advgb-accordion-body\" style=\"border-style:solid !important;border-width:1px !important;border-color:undefined !important;border-top:none !important;border-radius:2px !important\">\n<p>Recep\u00e7\u00e3o e transfer\u00eancia para o Hotel de sua escolha, por um representante de nossa Ag\u00eancia de Viagens. Este dia ser\u00e1 gratuito para seu ar condicionado, j\u00e1 que a&nbsp;<strong>cidade de La Paz<\/strong>&nbsp;est\u00e1 localizada a 3 640 metros acima do n\u00edvel do mar.<\/p>\n\n\n\n<p>N\u00e3o deixe de beber muita \u00e1gua e ch\u00e1 de coca, caminhe lentamente para minimizar os efeitos da altitude.<\/p>\n\n\n\n<ul class=\"wp-block-list\">\n<li><strong><em>Pernoite na cidade de La Paz.<\/em><\/strong><\/li>\n<\/ul>\n<\/div><\/div>\n\n\n\n<div class=\"wp-block-advgb-accordion-item advgb-accordion-item\" style=\"margin-bottom:15px\"><div class=\"advgb-accordion-header\" style=\"background-color:#ffffff;color:#000000;border-style:solid;border-width:1px;border-radius:2px\"><span class=\"advgb-accordion-header-icon accordion-state\"><svg class=\"advgb-icon-closed\" fill=\"#000000\" xmlns=\"http:\/\/www.w3.org\/2000\/svg\" width=\"24\" height=\"24\" viewBox=\"0 0 24 24\"><path fill=\"none\" d=\"M0,0h24v24H0V0z\"><\/path><path d=\"M13,7h-2v4H7v2h4v4h2v-4h4v-2h-4V7z M12,2C6.48,2,2,6.48,2,12s4.48,10,10,10s10-4.48,10-10S17.52,2,12,2z M12,20 c-4.41,0-8-3.59-8-8s3.59-8,8-8s8,3.59,8,8S16.41,20,12,20z\"><\/path><\/svg><svg class=\"advgb-icon-opened\" fill=\"#000000\" xmlns=\"http:\/\/www.w3.org\/2000\/svg\" width=\"24\" height=\"24\" viewBox=\"0 0 24 24\"><path fill=\"none\" d=\"M0,0h24v24H0V0z\"><\/path><path d=\"M7,11v2h10v-2H7z M12,2C6.48,2,2,6.48,2,12s4.48,10,10,10s10-4.48,10-10S17.52,2,12,2z M12,20 c-4.41,0-8-3.59-8-8s3.59-8,8-8s8,3.59,8,8S16.41,20,12,20z\"><\/path><\/svg><\/span><h2 class=\"advgb-accordion-header-title\" style=\"color:inherit\">Dia 2: V\u00f4o para Rurrenabaque<\/h2><\/div><div class=\"advgb-accordion-body\" style=\"border-style:solid !important;border-width:1px !important;border-color:undefined !important;border-top:none !important;border-radius:2px !important\">\n<p>No translado da manh\u00e3 para o aeroporto para seu v\u00f4o dom\u00e9stico para a cidade de Rurrenabaque. Este v\u00f4o dura apenas 50 minutos e ser\u00e1 uma experi\u00eancia \u00fanica e impressionante.<\/p>\n\n\n\n<p>O v\u00f4o come\u00e7a na&nbsp;<strong>cidade de El Alto&nbsp;<\/strong>a partir de uma altitude de 4.150 metros acima do n\u00edvel do mar e termina em Rurrenabaque a 228 metros acima do n\u00edvel do mar. Atravessa a Cordilheira Real dos Andes e termina na Amaz\u00f4nia boliviana.<\/p>\n\n\n\n<ul class=\"wp-block-list\">\n<li>Recep\u00e7\u00e3o e transfer\u00eancia para o alojamento de sua escolha.<\/li>\n<\/ul>\n\n\n\n<p>Voc\u00ea ter\u00e1 a tarde livre para passear por esta bela cidade.<\/p>\n\n\n\n<ul class=\"wp-block-list\">\n<li><strong><em>Pernoite em Rurrenabaque.<\/em><\/strong><\/li>\n<\/ul>\n<\/div><\/div>\n\n\n\n<div class=\"wp-block-advgb-accordion-item advgb-accordion-item\" style=\"margin-bottom:15px\"><div class=\"advgb-accordion-header\" style=\"background-color:#ffffff;color:#000000;border-style:solid;border-width:1px;border-radius:2px\"><span class=\"advgb-accordion-header-icon accordion-state\"><svg class=\"advgb-icon-closed\" fill=\"#000000\" xmlns=\"http:\/\/www.w3.org\/2000\/svg\" width=\"24\" height=\"24\" viewBox=\"0 0 24 24\"><path fill=\"none\" d=\"M0,0h24v24H0V0z\"><\/path><path d=\"M13,7h-2v4H7v2h4v4h2v-4h4v-2h-4V7z M12,2C6.48,2,2,6.48,2,12s4.48,10,10,10s10-4.48,10-10S17.52,2,12,2z M12,20 c-4.41,0-8-3.59-8-8s3.59-8,8-8s8,3.59,8,8S16.41,20,12,20z\"><\/path><\/svg><svg class=\"advgb-icon-opened\" fill=\"#000000\" xmlns=\"http:\/\/www.w3.org\/2000\/svg\" width=\"24\" height=\"24\" viewBox=\"0 0 24 24\"><path fill=\"none\" d=\"M0,0h24v24H0V0z\"><\/path><path d=\"M7,11v2h10v-2H7z M12,2C6.48,2,2,6.48,2,12s4.48,10,10,10s10-4.48,10-10S17.52,2,12,2z M12,20 c-4.41,0-8-3.59-8-8s3.59-8,8-8s8,3.59,8,8S16.41,20,12,20z\"><\/path><\/svg><\/span><h2 class=\"advgb-accordion-header-title\" style=\"color:inherit\">Dia 3: Rurrenabaque \u2013 Reserva Municipal do Rio Yacuma \u2013 Pampas<\/h2><\/div><div class=\"advgb-accordion-body\" style=\"border-style:solid !important;border-width:1px !important;border-color:undefined !important;border-top:none !important;border-radius:2px !important\">\n<p>No hor\u00e1rio combinado, a viagem durar\u00e1 aproximadamente 3 horas, passando pelas cidades de Reyes e&nbsp;<strong>Santa Rosa del Yacuma<\/strong>, no caminho \u00e9 poss\u00edvel observar alguns animais e aves t\u00edpicas dos Pampas. Almo\u00e7o em<strong>&nbsp;Santa Rosa del Yacuma<\/strong>.<\/p>\n\n\n\n<p>Em&nbsp;<strong>Santa Rosa<\/strong>, voc\u00ea pagar\u00e1 a taxa de entrada na \u00c1rea Protegida Municipal. Em seguida, chegada ao porto. Continuamos no transporte fluvial, do&nbsp;<strong>Rio Yacuma<\/strong>&nbsp;at\u00e9 nosso alojamento, a viagem durar\u00e1 aproximadamente 3 horas navegando muito lentamente para aproveitar a viagem para observar animais selvagens de diferentes esp\u00e9cies, como por exemplo:&nbsp;<strong>Lagartos<\/strong>,<strong>&nbsp;jacar\u00e9s<\/strong>, capivaras, macacos, tartarugas, p\u00e1ssaros e o guia fornecer\u00e1 as informa\u00e7\u00f5es necess\u00e1rias.<\/p>\n\n\n\n<p>Chegada \u00e0 pousada ecol\u00f3gica, passar ao hamaquero para descansar e tomar um refrescante suco de boas-vindas t\u00edpico de nossa regi\u00e3o. Enquanto voc\u00ea recebe seus quartos.<\/p>\n\n\n\n<p>Iremos a um lugar estrat\u00e9gico para assistir ao p\u00f4r-do-sol e depois voltaremos para o alojamento.<\/p>\n\n\n\n<p>Jantar buffet em nossa sala de jantar. Ap\u00f3s o jantar, teremos um passeio de barco com o motor desligado e com lanternas para observar os&nbsp;<strong>Olhos dos Lagartos<\/strong>,&nbsp;<strong>Caim\u00e3s&nbsp;<\/strong>e aves noturnas, o guia explicar\u00e1 as diferen\u00e7as entre eles.<\/p>\n\n\n\n<ul class=\"wp-block-list\">\n<li><strong><em>Pernoite no Rio Yacuma \u2013 Pampa Municipal Reserve Lodge<\/em><\/strong>.<\/li>\n<\/ul>\n<\/div><\/div>\n\n\n\n<div class=\"wp-block-advgb-accordion-item advgb-accordion-item\" style=\"margin-bottom:15px\"><div class=\"advgb-accordion-header\" style=\"background-color:#ffffff;color:#000000;border-style:solid;border-width:1px;border-radius:2px\"><span class=\"advgb-accordion-header-icon accordion-state\"><svg class=\"advgb-icon-closed\" fill=\"#000000\" xmlns=\"http:\/\/www.w3.org\/2000\/svg\" width=\"24\" height=\"24\" viewBox=\"0 0 24 24\"><path fill=\"none\" d=\"M0,0h24v24H0V0z\"><\/path><path d=\"M13,7h-2v4H7v2h4v4h2v-4h4v-2h-4V7z M12,2C6.48,2,2,6.48,2,12s4.48,10,10,10s10-4.48,10-10S17.52,2,12,2z M12,20 c-4.41,0-8-3.59-8-8s3.59-8,8-8s8,3.59,8,8S16.41,20,12,20z\"><\/path><\/svg><svg class=\"advgb-icon-opened\" fill=\"#000000\" xmlns=\"http:\/\/www.w3.org\/2000\/svg\" width=\"24\" height=\"24\" viewBox=\"0 0 24 24\"><path fill=\"none\" d=\"M0,0h24v24H0V0z\"><\/path><path d=\"M7,11v2h10v-2H7z M12,2C6.48,2,2,6.48,2,12s4.48,10,10,10s10-4.48,10-10S17.52,2,12,2z M12,20 c-4.41,0-8-3.59-8-8s3.59-8,8-8s8,3.59,8,8S16.41,20,12,20z\"><\/path><\/svg><\/span><h2 class=\"advgb-accordion-header-title\" style=\"color:inherit\">Dia 4: Pampas<\/h2><\/div><div class=\"advgb-accordion-body\" style=\"border-style:solid !important;border-width:1px !important;border-color:undefined !important;border-top:none !important;border-radius:2px !important\">\n<p>De manh\u00e3 cedo, partida de barco com o motor desligado para ouvir os p\u00e1ssaros cantando e os diferentes sons produzidos pelos animais, al\u00e9m de assistir ao nascer do sol. Voltaremos \u00e0 pousada para tomar o caf\u00e9 da manh\u00e3 em nosso restaurante.<\/p>\n\n\n\n<p>Ap\u00f3s o caf\u00e9 da manh\u00e3, lhe daremos botas de borracha e \u00e1gua fria ou mineral natural. Voc\u00ea sair\u00e1 de barco com motor fora de borda e continuar\u00e1 caminhando para procurar diferentes esp\u00e9cies de cobras, tais como: Anacondas, Cobras, etc. Al\u00e9m de outras esp\u00e9cies de aves tais como: o \u00d1andu, Jabiru, \u00c1guias, etc..<\/p>\n\n\n\n<p>Ao meio-dia voltamos ao lodge para o buffet de almo\u00e7o. \u00c0 tarde, partida de barco com motor fora de borda em busca de um lugar adequado para a pesca esportiva de piranhas, tamb\u00e9m navega mais longe para ir em busca de mais animais e aves.<\/p>\n\n\n\n<ul class=\"wp-block-list\">\n<li>Jantar e pernoite.<\/li>\n\n\n\n<li><strong><em>Pernoite no Rio Yacuma \u2013 Pampa Municipal Reserve Lodge.<\/em><\/strong><\/li>\n<\/ul>\n<\/div><\/div>\n\n\n\n<div class=\"wp-block-advgb-accordion-item advgb-accordion-item\" style=\"margin-bottom:15px\"><div class=\"advgb-accordion-header\" style=\"background-color:#ffffff;color:#000000;border-style:solid;border-width:1px;border-radius:2px\"><span class=\"advgb-accordion-header-icon accordion-state\"><svg class=\"advgb-icon-closed\" fill=\"#000000\" xmlns=\"http:\/\/www.w3.org\/2000\/svg\" width=\"24\" height=\"24\" viewBox=\"0 0 24 24\"><path fill=\"none\" d=\"M0,0h24v24H0V0z\"><\/path><path d=\"M13,7h-2v4H7v2h4v4h2v-4h4v-2h-4V7z M12,2C6.48,2,2,6.48,2,12s4.48,10,10,10s10-4.48,10-10S17.52,2,12,2z M12,20 c-4.41,0-8-3.59-8-8s3.59-8,8-8s8,3.59,8,8S16.41,20,12,20z\"><\/path><\/svg><svg class=\"advgb-icon-opened\" fill=\"#000000\" xmlns=\"http:\/\/www.w3.org\/2000\/svg\" width=\"24\" height=\"24\" viewBox=\"0 0 24 24\"><path fill=\"none\" d=\"M0,0h24v24H0V0z\"><\/path><path d=\"M7,11v2h10v-2H7z M12,2C6.48,2,2,6.48,2,12s4.48,10,10,10s10-4.48,10-10S17.52,2,12,2z M12,20 c-4.41,0-8-3.59-8-8s3.59-8,8-8s8,3.59,8,8S16.41,20,12,20z\"><\/path><\/svg><\/span><h2 class=\"advgb-accordion-header-title\" style=\"color:inherit\">Dia 5: Pampas \u2013 Rurrenabaque<\/h2><\/div><div class=\"advgb-accordion-body\" style=\"border-style:solid !important;border-width:1px !important;border-color:undefined !important;border-top:none !important;border-radius:2px !important\">\n<p>Pela manh\u00e3, caf\u00e9 da manh\u00e3 buffet, ap\u00f3s o caf\u00e9 da manh\u00e3 navegaremos at\u00e9 chegarmos ao local onde os Golfinhos Rosa devem nadar e brincar com eles, recebendo informa\u00e7\u00f5es do guia sobre eles.<\/p>\n\n\n\n<p>Voltar ao alojamento para observar e tirar fotos de diferentes animais e aves. Almo\u00e7aremos antes de voltar de barco com motor de popa ao porto de&nbsp;<strong>Santa de Yacuma&nbsp;<\/strong>onde voc\u00ea estar\u00e1 \u00e0s 13:30 Hrs. ao porto tur\u00edstico. Retorno a Rurrenabaque por transporte terrestre. Chegada a Rurrenabaque e transfer\u00eancia para o alojamento de sua escolha.<\/p>\n\n\n\n<ul class=\"wp-block-list\">\n<li><strong><em>Pernoite em Rurrenabaque.<\/em><\/strong><\/li>\n<\/ul>\n<\/div><\/div>\n\n\n\n<div class=\"wp-block-advgb-accordion-item advgb-accordion-item\" style=\"margin-bottom:15px\"><div class=\"advgb-accordion-header\" style=\"background-color:#ffffff;color:#000000;border-style:solid;border-width:1px;border-radius:2px\"><span class=\"advgb-accordion-header-icon accordion-state\"><svg class=\"advgb-icon-closed\" fill=\"#000000\" xmlns=\"http:\/\/www.w3.org\/2000\/svg\" width=\"24\" height=\"24\" viewBox=\"0 0 24 24\"><path fill=\"none\" d=\"M0,0h24v24H0V0z\"><\/path><path d=\"M13,7h-2v4H7v2h4v4h2v-4h4v-2h-4V7z M12,2C6.48,2,2,6.48,2,12s4.48,10,10,10s10-4.48,10-10S17.52,2,12,2z M12,20 c-4.41,0-8-3.59-8-8s3.59-8,8-8s8,3.59,8,8S16.41,20,12,20z\"><\/path><\/svg><svg class=\"advgb-icon-opened\" fill=\"#000000\" xmlns=\"http:\/\/www.w3.org\/2000\/svg\" width=\"24\" height=\"24\" viewBox=\"0 0 24 24\"><path fill=\"none\" d=\"M0,0h24v24H0V0z\"><\/path><path d=\"M7,11v2h10v-2H7z M12,2C6.48,2,2,6.48,2,12s4.48,10,10,10s10-4.48,10-10S17.52,2,12,2z M12,20 c-4.41,0-8-3.59-8-8s3.59-8,8-8s8,3.59,8,8S16.41,20,12,20z\"><\/path><\/svg><\/span><h2 class=\"advgb-accordion-header-title\" style=\"color:inherit\">Dia 6: V\u00f4o La Paz \u2013 La Paz \u2013 City Tour<\/h2><\/div><div class=\"advgb-accordion-body\" style=\"border-style:solid !important;border-width:1px !important;border-color:undefined !important;border-top:none !important;border-radius:2px !important\">\n<p>Um representante de nossa Ag\u00eancia de Viagens o transferir\u00e1 ao aeroporto para seu v\u00f4o de retorno \u00e0 cidade de&nbsp;<strong>La Paz<\/strong>, voc\u00ea ficar\u00e1 desapontado e come\u00e7aremos nosso tour de aproximadamente 3 Hrs. e 30 minutos pela cidade de&nbsp;<strong>La Paz<\/strong>.<\/p>\n\n\n\n<p>Visitaremos os principais lugares tur\u00edsticos como: o<strong>&nbsp;Mercado das Bruxas<\/strong>, a&nbsp;<strong>Pra\u00e7a Murillo<\/strong>, onde se encontram a&nbsp;<strong>Catedral<\/strong>, o&nbsp;<strong>Pal\u00e1cio do Governo<\/strong>, o Congresso.<\/p>\n\n\n\n<p>Depois seguimos pela famosa rua&nbsp;<strong>Jaen<\/strong>, onde est\u00e3o localizados os museus municipais. Continuamos para o Mirador&nbsp;<strong>Killi \u2013 Killi<\/strong>&nbsp;para ter uma vista incr\u00edvel da cidade de&nbsp;<strong>La Paz<\/strong>.<\/p>\n\n\n\n<p>Para uma mudan\u00e7a de cen\u00e1rio vamos para o sul, passando por&nbsp;<strong>Miraflores<\/strong>,&nbsp;<strong>Obrajes<\/strong>,&nbsp;<strong>Calacoto<\/strong>,&nbsp;<strong>La Florida<\/strong>,&nbsp;<strong>Aranjuez<\/strong>, e finalmente chegamos ao<strong>&nbsp;Vale da Lua<\/strong>. Isto tem interessantes e belas forma\u00e7\u00f5es terrestres feitas pelo vento e pela \u00e1gua, daremos um passeio pelos arredores e finalmente o levaremos at\u00e9 o Hotel de sua escolha.<\/p>\n\n\n\n<p><strong><u>Opcional<\/u><\/strong>: Passeio de telef\u00e9rico<\/p>\n\n\n\n<ul class=\"wp-block-list\">\n<li><strong>Pernoite na cidade de La Paz.<\/strong><\/li>\n<\/ul>\n<\/div><\/div>\n\n\n\n<div class=\"wp-block-advgb-accordion-item advgb-accordion-item\" style=\"margin-bottom:15px\"><div class=\"advgb-accordion-header\" style=\"background-color:#ffffff;color:#000000;border-style:solid;border-width:1px;border-radius:2px\"><span class=\"advgb-accordion-header-icon accordion-state\"><svg class=\"advgb-icon-closed\" fill=\"#000000\" xmlns=\"http:\/\/www.w3.org\/2000\/svg\" width=\"24\" height=\"24\" viewBox=\"0 0 24 24\"><path fill=\"none\" d=\"M0,0h24v24H0V0z\"><\/path><path d=\"M13,7h-2v4H7v2h4v4h2v-4h4v-2h-4V7z M12,2C6.48,2,2,6.48,2,12s4.48,10,10,10s10-4.48,10-10S17.52,2,12,2z M12,20 c-4.41,0-8-3.59-8-8s3.59-8,8-8s8,3.59,8,8S16.41,20,12,20z\"><\/path><\/svg><svg class=\"advgb-icon-opened\" fill=\"#000000\" xmlns=\"http:\/\/www.w3.org\/2000\/svg\" width=\"24\" height=\"24\" viewBox=\"0 0 24 24\"><path fill=\"none\" d=\"M0,0h24v24H0V0z\"><\/path><path d=\"M7,11v2h10v-2H7z M12,2C6.48,2,2,6.48,2,12s4.48,10,10,10s10-4.48,10-10S17.52,2,12,2z M12,20 c-4.41,0-8-3.59-8-8s3.59-8,8-8s8,3.59,8,8S16.41,20,12,20z\"><\/path><\/svg><\/span><h2 class=\"advgb-accordion-header-title\" style=\"color:inherit\">Dia 7: La Paz \u2013 Copacabana \u2013 Ilha do Sol \u2013 La Paz<\/h2><\/div><div class=\"advgb-accordion-body\" style=\"border-style:solid !important;border-width:1px !important;border-color:undefined !important;border-top:none !important;border-radius:2px !important\">\n<p>Iremos busc\u00e1-lo em seu hotel para transferi-lo para a&nbsp;<strong>cidade de Copacabana<\/strong>. Esta viagem dura aproximadamente 3 Hrs. e 30 minutos durante a viagem observaremos a<strong>&nbsp;Cordilheira Real dos Andes<\/strong>&nbsp;e o vasto&nbsp;<strong>altiplano<\/strong>. Atravessaremos o para chegar \u00e0&nbsp;<strong>pen\u00ednsula de Copacabana<\/strong>. Chegada \u00e0 cidade de Copacabana.<\/p>\n\n\n\n<p>Em Copacabana visitaremos a igreja de Copacabana, onde se encontra a milagrosa&nbsp;<strong>Virgem de Copacabana<\/strong>, e se tivermos sorte poderemos ver o challa que \u00e9 a ben\u00e7\u00e3o dos carros decorados que est\u00e3o estacionados fora da igreja.<\/p>\n\n\n\n<p>Em seguida, transferimos voc\u00ea por uma estrada rasgada at\u00e9 a&nbsp;<strong>vila de Yampupata<\/strong>, esta estrada rodeia lindas vistas do<strong>&nbsp;Lago Titicaca<\/strong>&nbsp;e dos pisos agr\u00edcolas que se encontram ao redor do&nbsp;<strong>Lago Sagrado<\/strong>. Chegamos a<strong>&nbsp;Yampupata<\/strong>&nbsp;e pegamos nosso barco particular que nos levar\u00e1 \u00e0 ilha do Sol. Passaremos pelas escadarias, a fonte da juventude. Observaremos os belos terra\u00e7os agr\u00edcolas que se parecem com um verdadeiro \u00c9den. Ap\u00f3s o almo\u00e7o voltaremos para&nbsp;<strong>Yampupata<\/strong>,&nbsp;<strong>Copacabana<\/strong>&nbsp;e a<strong>&nbsp;cidade de<\/strong>&nbsp;<strong>La Paz<\/strong>.<\/p>\n\n\n\n<ul class=\"wp-block-list\">\n<li><strong><em>Pernoite na cidade de La Paz.<\/em><\/strong><\/li>\n<\/ul>\n<\/div><\/div>\n\n\n\n<div class=\"wp-block-advgb-accordion-item advgb-accordion-item\" style=\"margin-bottom:15px\"><div class=\"advgb-accordion-header\" style=\"background-color:#ffffff;color:#000000;border-style:solid;border-width:1px;border-radius:2px\"><span class=\"advgb-accordion-header-icon accordion-state\"><svg class=\"advgb-icon-closed\" fill=\"#000000\" xmlns=\"http:\/\/www.w3.org\/2000\/svg\" width=\"24\" height=\"24\" viewBox=\"0 0 24 24\"><path fill=\"none\" d=\"M0,0h24v24H0V0z\"><\/path><path d=\"M13,7h-2v4H7v2h4v4h2v-4h4v-2h-4V7z M12,2C6.48,2,2,6.48,2,12s4.48,10,10,10s10-4.48,10-10S17.52,2,12,2z M12,20 c-4.41,0-8-3.59-8-8s3.59-8,8-8s8,3.59,8,8S16.41,20,12,20z\"><\/path><\/svg><svg class=\"advgb-icon-opened\" fill=\"#000000\" xmlns=\"http:\/\/www.w3.org\/2000\/svg\" width=\"24\" height=\"24\" viewBox=\"0 0 24 24\"><path fill=\"none\" d=\"M0,0h24v24H0V0z\"><\/path><path d=\"M7,11v2h10v-2H7z M12,2C6.48,2,2,6.48,2,12s4.48,10,10,10s10-4.48,10-10S17.52,2,12,2z M12,20 c-4.41,0-8-3.59-8-8s3.59-8,8-8s8,3.59,8,8S16.41,20,12,20z\"><\/path><\/svg><\/span><h2 class=\"advgb-accordion-header-title\" style=\"color:inherit\">Dia 8: Uyuni \u2013 Cemit\u00e9rio do Trem \u2013 Ilha Incawasi \u2013 Villa\u00a0Candelaria<\/h2><\/div><div class=\"advgb-accordion-body\" style=\"border-style:solid !important;border-width:1px !important;border-color:undefined !important;border-top:none !important;border-radius:2px !important\">\n<p>No in\u00edcio da manh\u00e3, transferiremos voc\u00ea para o aeroporto para seu v\u00f4o dom\u00e9stico para a&nbsp;<strong>cidade de Uyuni<\/strong>, nosso representante estar\u00e1 esperando para receb\u00ea-lo.<\/p>\n\n\n\n<p>Em um momento apropriado, iniciamos nossa visita ao cemit\u00e9rio do trem, onde est\u00e3o localizadas as primeiras locomotivas que chegaram no s\u00e9culo XVIII \u00e0&nbsp;<strong>Bol\u00edvia<\/strong>&nbsp;para a transfer\u00eancia de minerais entre&nbsp;<strong>Pulacayo<\/strong>&nbsp;e&nbsp;<strong>Antofagasta.<\/strong><\/p>\n\n\n\n<p>Continuamos nossa visita ao grande&nbsp;<strong>Salar de Tunupa<\/strong>, nossa pr\u00f3xima parada \u00e9 na&nbsp;<strong>cidade de Colchani<\/strong>, onde os habitantes locais vendem artesanato de sal e fazem demonstra\u00e7\u00f5es sobre o processamento do sal. Depois entramos no pr\u00f3prio Salar, que \u00e9 o maior lago branco do mundo, com aproximadamente 10.500 km2.<\/p>\n\n\n\n<p>Nossa visita continua aos&nbsp;<strong>Ojos de Sal<\/strong>,&nbsp;<strong>Pir\u00e2mides de Sal,<\/strong>&nbsp;ex Salt Hotel. Chegamos \u00e0<strong>&nbsp;Ilha Incawasi<\/strong>, que \u00e9 um verdadeiro O\u00e1sis no meio do Deserto de Sal, onde voc\u00ea pode dar uma caminhada ap\u00f3s o pagamento e registro, por esta ilha \u00fanica de Cactus. Depois iremos para nosso primeiro lugar para passar a noite na cidade de&nbsp;<strong>Villa Candelaria.<\/strong><\/p>\n\n\n\n<ul class=\"wp-block-list\">\n<li><strong><em>Pernoite no vilarejo de Villa Candelaria.<\/em><\/strong><\/li>\n<\/ul>\n<\/div><\/div>\n\n\n\n<div class=\"wp-block-advgb-accordion-item advgb-accordion-item\" style=\"margin-bottom:15px\"><div class=\"advgb-accordion-header\" style=\"background-color:#ffffff;color:#000000;border-style:solid;border-width:1px;border-radius:2px\"><span class=\"advgb-accordion-header-icon accordion-state\"><svg class=\"advgb-icon-closed\" fill=\"#000000\" xmlns=\"http:\/\/www.w3.org\/2000\/svg\" width=\"24\" height=\"24\" viewBox=\"0 0 24 24\"><path fill=\"none\" d=\"M0,0h24v24H0V0z\"><\/path><path d=\"M13,7h-2v4H7v2h4v4h2v-4h4v-2h-4V7z M12,2C6.48,2,2,6.48,2,12s4.48,10,10,10s10-4.48,10-10S17.52,2,12,2z M12,20 c-4.41,0-8-3.59-8-8s3.59-8,8-8s8,3.59,8,8S16.41,20,12,20z\"><\/path><\/svg><svg class=\"advgb-icon-opened\" fill=\"#000000\" xmlns=\"http:\/\/www.w3.org\/2000\/svg\" width=\"24\" height=\"24\" viewBox=\"0 0 24 24\"><path fill=\"none\" d=\"M0,0h24v24H0V0z\"><\/path><path d=\"M7,11v2h10v-2H7z M12,2C6.48,2,2,6.48,2,12s4.48,10,10,10s10-4.48,10-10S17.52,2,12,2z M12,20 c-4.41,0-8-3.59-8-8s3.59-8,8-8s8,3.59,8,8S16.41,20,12,20z\"><\/path><\/svg><\/span><h2 class=\"advgb-accordion-header-title\" style=\"color:inherit\">Dia 9: Mirante do Vulc\u00e3o Ollague \u2013 Lagoas Altiplanicas \u2013 \u00c1rvore da Pedra \u2013 Lagoa Vermelha \u2013 Huayllajara<\/h2><\/div><div class=\"advgb-accordion-body\" style=\"border-style:solid !important;border-width:1px !important;border-color:undefined !important;border-top:none !important;border-radius:2px !important\">\n<p>Ap\u00f3s o caf\u00e9 da manh\u00e3 iremos em dire\u00e7\u00e3o ao&nbsp;<strong>Mirante do Vulc\u00e3o Ollague<\/strong>, este \u00e9 um vulc\u00e3o ativo que est\u00e1 localizado entre os pa\u00edses da&nbsp;<strong>Bol\u00edvia<\/strong>&nbsp;e do&nbsp;<strong>Chile<\/strong>. Continuamos nossa viagem e nos dirigimos \u00e0s&nbsp;<strong>Lagoas Altiplanicas<\/strong>, onde observaremos os primeiros flamingos. Passamos pelas lagoas Ka\u00f1apa, Hedionda e Honda. Nossa viagem passa por passagens, atravessamos o deserto de Siloli, onde encontramos o monumento natural chamado: \u201c<strong>Arbol de Piedra<\/strong>\u201d (\u00c1rvore da Pedra). Depois de tirar belas fotos, continuamos at\u00e9 o&nbsp;<strong>Mirador de la Laguna Colorada<\/strong>, depois de fazer o check-in no&nbsp;<strong>Parque Nacional de Avaroa<\/strong>, vamos at\u00e9 o Mirador para observar os milhares de flamingos que nidificam nesta bela lagoa. Nosso pr\u00f3ximo destino \u00e9 a pequena&nbsp;<strong>cidade de Huayllajara<\/strong>.<\/p>\n\n\n\n<ul class=\"wp-block-list\">\n<li><strong><em>Pernoite na cidade de Huayllajara.<\/em><\/strong><\/li>\n<\/ul>\n<\/div><\/div>\n\n\n\n<div class=\"wp-block-advgb-accordion-item advgb-accordion-item\" style=\"margin-bottom:15px\"><div class=\"advgb-accordion-header\" style=\"background-color:#ffffff;color:#000000;border-style:solid;border-width:1px;border-radius:2px\"><span class=\"advgb-accordion-header-icon accordion-state\"><svg class=\"advgb-icon-closed\" fill=\"#000000\" xmlns=\"http:\/\/www.w3.org\/2000\/svg\" width=\"24\" height=\"24\" viewBox=\"0 0 24 24\"><path fill=\"none\" d=\"M0,0h24v24H0V0z\"><\/path><path d=\"M13,7h-2v4H7v2h4v4h2v-4h4v-2h-4V7z M12,2C6.48,2,2,6.48,2,12s4.48,10,10,10s10-4.48,10-10S17.52,2,12,2z M12,20 c-4.41,0-8-3.59-8-8s3.59-8,8-8s8,3.59,8,8S16.41,20,12,20z\"><\/path><\/svg><svg class=\"advgb-icon-opened\" fill=\"#000000\" xmlns=\"http:\/\/www.w3.org\/2000\/svg\" width=\"24\" height=\"24\" viewBox=\"0 0 24 24\"><path fill=\"none\" d=\"M0,0h24v24H0V0z\"><\/path><path d=\"M7,11v2h10v-2H7z M12,2C6.48,2,2,6.48,2,12s4.48,10,10,10s10-4.48,10-10S17.52,2,12,2z M12,20 c-4.41,0-8-3.59-8-8s3.59-8,8-8s8,3.59,8,8S16.41,20,12,20z\"><\/path><\/svg><\/span><h2 class=\"advgb-accordion-header-title\" style=\"color:inherit\">Dia 10: Fumarolas \u2013 Nascentes quentes \u2013 Laguna Verde \u2013 San Crist\u00f3bal \u2013 Uyuni \u2013 \u00d4nibus retorno a La Paz<\/h2><\/div><div class=\"advgb-accordion-body\" style=\"border-style:solid !important;border-width:1px !important;border-color:undefined !important;border-top:none !important;border-radius:2px !important\">\n<p>Neste dia acordamos mais cedo para poder observar os fumarolas que est\u00e3o ativos de manh\u00e3 cedo, tamb\u00e9m o ponto mais alto de nossa viagem 4900 mt. Vamos em dire\u00e7\u00e3o \u00e0s fontes termais, se voc\u00ea quiser tomar um banho refrescante e terap\u00eautico aqui \u00e9 poss\u00edvel.<\/p>\n\n\n\n<p>Depois nos dirigimos ao nosso ponto mais ao sul de nossa viagem, a&nbsp;<strong>Laguna Verde<\/strong>, que est\u00e1 localizada em frente ao&nbsp;<strong>vulc\u00e3o Licancabur<\/strong>. Nosso retorno ser\u00e1 por uma estrada direta passando por cidades rurais como&nbsp;<strong>San Cristobal<\/strong>, uma cidade modelo de minera\u00e7\u00e3o. Chegada a&nbsp;<strong>Uyuni<\/strong>. Voc\u00ea ter\u00e1 algumas horas de descanso. Seu \u00f4nibus o levar\u00e1 de volta para a&nbsp;<strong>cidade de La Paz<\/strong>.<\/p>\n\n\n\n<ul class=\"wp-block-list\">\n<li><strong><em>Pernoite no \u00f4nibus para La Paz.<\/em><\/strong><\/li>\n<\/ul>\n<\/div><\/div>\n\n\n\n<div class=\"wp-block-advgb-accordion-item advgb-accordion-item\" style=\"margin-bottom:15px\"><div class=\"advgb-accordion-header\" style=\"background-color:#ffffff;color:#000000;border-style:solid;border-width:1px;border-radius:2px\"><span class=\"advgb-accordion-header-icon accordion-state\"><svg class=\"advgb-icon-closed\" fill=\"#000000\" xmlns=\"http:\/\/www.w3.org\/2000\/svg\" width=\"24\" height=\"24\" viewBox=\"0 0 24 24\"><path fill=\"none\" d=\"M0,0h24v24H0V0z\"><\/path><path d=\"M13,7h-2v4H7v2h4v4h2v-4h4v-2h-4V7z M12,2C6.48,2,2,6.48,2,12s4.48,10,10,10s10-4.48,10-10S17.52,2,12,2z M12,20 c-4.41,0-8-3.59-8-8s3.59-8,8-8s8,3.59,8,8S16.41,20,12,20z\"><\/path><\/svg><svg class=\"advgb-icon-opened\" fill=\"#000000\" xmlns=\"http:\/\/www.w3.org\/2000\/svg\" width=\"24\" height=\"24\" viewBox=\"0 0 24 24\"><path fill=\"none\" d=\"M0,0h24v24H0V0z\"><\/path><path d=\"M7,11v2h10v-2H7z M12,2C6.48,2,2,6.48,2,12s4.48,10,10,10s10-4.48,10-10S17.52,2,12,2z M12,20 c-4.41,0-8-3.59-8-8s3.59-8,8-8s8,3.59,8,8S16.41,20,12,20z\"><\/path><\/svg><\/span><h2 class=\"advgb-accordion-header-title\" style=\"color:inherit\">Dia 11: Chegada a La Paz \u2013 Tiwanaku \u2013 La Paz<\/h2><\/div><div class=\"advgb-accordion-body\" style=\"border-style:solid !important;border-width:1px !important;border-color:undefined !important;border-top:none !important;border-radius:2px !important\">\n<p>Chegada de manh\u00e3 cedo \u00e0&nbsp;<strong>cidade de La Paz<\/strong>. Transferiremos voc\u00ea para o hotel de sua escolha, ap\u00f3s o caf\u00e9 da manh\u00e3 partimos pela manh\u00e3 para a \u00e9pica&nbsp;<strong>cidade de Tiwanaku<\/strong>, capital da cultura Pr\u00e9-Inca.&nbsp;<strong>Tiwanaku<\/strong>&nbsp;est\u00e1 localizada a 72 km. da cidade de La Paz e pr\u00f3xima ao sudeste, \u00e0s margens do&nbsp;<strong>Lago Titicaca<\/strong>. Durante seus grandes tempos, a capital de Tiwanaku foi a maior do mundo e considerada o ber\u00e7o de todas as civiliza\u00e7\u00f5es da Am\u00e9rica. O&nbsp;<strong>complexo arqueol\u00f3gico Pr\u00e9-Incas<\/strong>&nbsp;terminou de acordo com debates arqueol\u00f3gicos e evid\u00eancias feitas pelo carbono 14 que datam de 1580 AC.<\/p>\n\n\n\n<p>Entre os principais lugares de interesse em&nbsp;<strong>Tiwanaku<\/strong>&nbsp;que visitaremos est\u00e3o&nbsp;<strong>O Templo de Kalasasaya<\/strong>, o Templo Semi-subterr\u00e2neo, a&nbsp;<strong>Pir\u00e2mide de Akapana,<\/strong>&nbsp;a lend\u00e1ria&nbsp;<strong>Porta do Sol<\/strong>. Tamb\u00e9m faremos uma parada em&nbsp;<strong>Puma Punku<\/strong>&nbsp;(l\u00e1 se encontram rochas gigantescas). Em seguida, teremos um almo\u00e7o t\u00edpico \u00e0 base de sopa de Quinoa e carne Llama como prato principal. Durante a tarde, voltaremos \u00e0&nbsp;<strong>cidade de La Paz.<\/strong><\/p>\n\n\n\n<ul class=\"wp-block-list\">\n<li><strong><em>Pernoite em La Paz.<\/em><\/strong><\/li>\n<\/ul>\n<\/div><\/div>\n\n\n\n<div class=\"wp-block-advgb-accordion-item advgb-accordion-item\" style=\"margin-bottom:15px\"><div class=\"advgb-accordion-header\" style=\"background-color:#ffffff;color:#000000;border-style:solid;border-width:1px;border-radius:2px\"><span class=\"advgb-accordion-header-icon accordion-state\"><svg class=\"advgb-icon-closed\" fill=\"#000000\" xmlns=\"http:\/\/www.w3.org\/2000\/svg\" width=\"24\" height=\"24\" viewBox=\"0 0 24 24\"><path fill=\"none\" d=\"M0,0h24v24H0V0z\"><\/path><path d=\"M13,7h-2v4H7v2h4v4h2v-4h4v-2h-4V7z M12,2C6.48,2,2,6.48,2,12s4.48,10,10,10s10-4.48,10-10S17.52,2,12,2z M12,20 c-4.41,0-8-3.59-8-8s3.59-8,8-8s8,3.59,8,8S16.41,20,12,20z\"><\/path><\/svg><svg class=\"advgb-icon-opened\" fill=\"#000000\" xmlns=\"http:\/\/www.w3.org\/2000\/svg\" width=\"24\" height=\"24\" viewBox=\"0 0 24 24\"><path fill=\"none\" d=\"M0,0h24v24H0V0z\"><\/path><path d=\"M7,11v2h10v-2H7z M12,2C6.48,2,2,6.48,2,12s4.48,10,10,10s10-4.48,10-10S17.52,2,12,2z M12,20 c-4.41,0-8-3.59-8-8s3.59-8,8-8s8,3.59,8,8S16.41,20,12,20z\"><\/path><\/svg><\/span><h2 class=\"advgb-accordion-header-title\" style=\"color:inherit\">Dia 12: La Paz \u2013 Estrada da Morte \u2013 La Paz \u2013 Bicicleta<\/h2><\/div><div class=\"advgb-accordion-body\" style=\"border-style:solid !important;border-width:1px !important;border-color:undefined !important;border-top:none !important;border-radius:2px !important\">\n<p>Pela manh\u00e3, come\u00e7aremos a aventura mais emocionante que \u00e9 o ciclismo em descida. Nosso ponto de partida \u00e9 em&nbsp;<strong>La Cumbre<\/strong>, que faz parte da&nbsp;<strong>Cordilheira Real de Los Andes<\/strong>, localizada a 4750 metros acima do n\u00edvel do mar. Daqui descemos por uma estrada pavimentada que, ao mesmo tempo, oferece vistas bel\u00edssimas e empolgantes, desde os desfiladeiros rochosos escarpados at\u00e9 o sub-tropical verde.<\/p>\n\n\n\n<p>Durante nosso passeio faremos in\u00fameras paradas para descansar e tirar fotos, ap\u00f3s passar por um posto de controle onde os ciclistas pagam suas taxas de entrada, continuaremos nossa descida. De uma cidade quase fantasma chamada,&nbsp;<strong>Chuspipata,<\/strong>&nbsp;come\u00e7aremos nossa verdadeira aventura, que se chama \u201cA estrada da morte\u201d, esta estrada que tem uma largura aproximada de 4 mt. em alguns pontos e alguns abismos de 200 a 300 mt. Em certos momentos pode estar emba\u00e7ado e de repente claro. Passamos por cachoeiras e uma paisagem exuberante. Finalmente chegamos ao nosso ponto de descanso que est\u00e1 localizado a 1200 mt. L\u00e1 voc\u00ea pode tomar um banho e almo\u00e7ar.<\/p>\n\n\n\n<ul class=\"wp-block-list\">\n<li>Retorno \u00e0 cidade de&nbsp;<strong>La Paz.<\/strong><\/li>\n\n\n\n<li><strong><em>Pernoite na cidade de La Paz.<\/em><\/strong><\/li>\n<\/ul>\n<\/div><\/div>\n\n\n\n<div class=\"wp-block-advgb-accordion-item advgb-accordion-item\" style=\"margin-bottom:15px\"><div class=\"advgb-accordion-header\" style=\"background-color:#ffffff;color:#000000;border-style:solid;border-width:1px;border-radius:2px\"><span class=\"advgb-accordion-header-icon accordion-state\"><svg class=\"advgb-icon-closed\" fill=\"#000000\" xmlns=\"http:\/\/www.w3.org\/2000\/svg\" width=\"24\" height=\"24\" viewBox=\"0 0 24 24\"><path fill=\"none\" d=\"M0,0h24v24H0V0z\"><\/path><path d=\"M13,7h-2v4H7v2h4v4h2v-4h4v-2h-4V7z M12,2C6.48,2,2,6.48,2,12s4.48,10,10,10s10-4.48,10-10S17.52,2,12,2z M12,20 c-4.41,0-8-3.59-8-8s3.59-8,8-8s8,3.59,8,8S16.41,20,12,20z\"><\/path><\/svg><svg class=\"advgb-icon-opened\" fill=\"#000000\" xmlns=\"http:\/\/www.w3.org\/2000\/svg\" width=\"24\" height=\"24\" viewBox=\"0 0 24 24\"><path fill=\"none\" d=\"M0,0h24v24H0V0z\"><\/path><path d=\"M7,11v2h10v-2H7z M12,2C6.48,2,2,6.48,2,12s4.48,10,10,10s10-4.48,10-10S17.52,2,12,2z M12,20 c-4.41,0-8-3.59-8-8s3.59-8,8-8s8,3.59,8,8S16.41,20,12,20z\"><\/path><\/svg><\/span><h2 class=\"advgb-accordion-header-title\" style=\"color:inherit\">Dia 13: La Paz \u2013 Partida<\/h2><\/div><div class=\"advgb-accordion-body\" style=\"border-style:solid !important;border-width:1px !important;border-color:undefined !important;border-top:none !important;border-radius:2px !important\">\n<p>Infelizmente este \u00e9 seu \u00faltimo dia em nosso pa\u00eds, esperamos que voc\u00ea tenha tido uma estadia agrad\u00e1vel e que leve para casa belas lembran\u00e7as da&nbsp;<strong>Bol\u00edvia<\/strong>. Nosso representante o ajudar\u00e1 com o check-in.<\/p>\n\n\n\n<p><strong><u>Importante<\/u><\/strong>: Os hor\u00e1rios das excurs\u00f5es ser\u00e3o reconfirmados no destino.<\/p>\n\n\n\n<p>Para o desenvolvimento deste programa \u00e9 necess\u00e1rio um m\u00ednimo de 2 Pax.<\/p>\n<\/div><\/div>\n<\/div>\n\n\n\n<\/div><h2 class=\"tabtitle\"><span class=\"fa fa-list-ol\"><\/span>Inclui<\/h2>\n<div class=\"tabcontent\">\n\n\n\n\n<h2 class=\"wp-block-heading\" id=\"h-inclui\">Inclui:<\/h2>\n\n\n\n<div class=\"wp-block-advgb-list\"><ul class=\"advgblist-c4a6df2f-ccc8-4654-822e-a33a39912adf advgb-list advgb-list-saved\">\n<li>Transfer\u00eancias.<\/li>\n\n\n\n<li>Grupo Transporte Terrestre.<\/li>\n\n\n\n<li>Passagens a\u00e9reas dom\u00e9sticas.<\/li>\n\n\n\n<li>Guia especializado.<\/li>\n\n\n\n<li>Ingressos de renda.<\/li>\n\n\n\n<li>Refei\u00e7\u00f5es mencionadas no Programa (Caf\u00e9 da manh\u00e3 &#8211; Almo\u00e7o &#8211; Jantar).<\/li>\n\n\n\n<li>05 Noites de Hospedagem em La Paz.<\/li>\n\n\n\n<li>02 Noite de Hospedagem em Rurrenabaque.<\/li>\n\n\n\n<li>02 Noite de Hospedagem no Albergue.<\/li>\n\n\n\n<li>01 Noite de hospedagem na Villa Candelaria.<\/li>\n\n\n\n<li>01 Noite de Hospedagem em Huayllajara.<\/li>\n\n\n\n<li>Bilhete de \u00d4nibus San Cristobal &#8211; Uyuni.<\/li>\n\n\n\n<li>Passagem de \u00d4nibus Uyuni &#8211; La Paz.<\/li>\n\n\n\n<li>V\u00f4o Dom\u00e9stico La Paz &#8211; Rurrenabaque &#8211; La Paz.<\/li>\n\n\n\n<li>Tours em Servi\u00e7o Compartilhado &#8211; SIC<\/li>\n<\/ul><\/div>\n\n\n\n<h3 class=\"wp-block-heading\" id=\"h-n-o-inclui\">N\u00e3o inclui:<\/h3>\n\n\n\n<div class=\"wp-block-advgb-list\"><ul class=\"advgblist-1ddb7432-44c0-4890-9089-3a0344c61078 advgb-list advgb-list-no\">\n<li>Passagens a\u00e9reas nacionais ou internacionais.<\/li>\n\n\n\n<li>Servi\u00e7os n\u00e3o detalhados no programa.<\/li>\n\n\n\n<li>Seguro de viagem pessoal.<\/li>\n\n\n\n<li>Servi\u00e7o de lavanderia.<\/li>\n\n\n\n<li>Servi\u00e7o de chamadas telef\u00f4nicas.<\/li>\n\n\n\n<li>Dinheiro extra.<\/li>\n\n\n\n<li>Dicas e outras.<\/li>\n<\/ul><\/div>\n\n\n\n<h3 class=\"wp-block-heading\" id=\"h-recomenda-es\">Recomenda\u00e7\u00f5es:<\/h3>\n\n\n\n<div class=\"wp-block-advgb-list\"><ul class=\"advgblist-71819e3a-e40f-4bff-80fd-c35f9beb37a2 advgb-list advgb-list-arrow-right-alt2\">\n<li>Traga roupas quentes.<\/li>\n\n\n\n<li>\u00d3culos escuros.<\/li>\n\n\n\n<li>Lo\u00e7\u00e3o bloqueadora solar.<\/li>\n\n\n\n<li>Poncho de chuva na esta\u00e7\u00e3o chuvosa. (Esta\u00e7\u00e3o das chuvas: setembro &#8211; mar\u00e7o).<\/li>\n\n\n\n<li>C\u00e2mera e filmadora.<\/li>\n<\/ul><\/div>\n\n\n\n<h3 class=\"wp-block-heading\" id=\"h-contate-nos\">Contate-Nos<\/h3>\n\n\n\n<div class=\"wp-block-advgb-list\"><ul class=\"advgblist-f722cc59-f108-45f0-8d33-ea546acb6837 advgb-list advgb-list-arrow-right-alt2\">\n<li>info@dreamy.tours<\/li>\n\n\n\n<li>reserve@dreamy.tours<\/li>\n<\/ul><\/div>\n\n\n\n<h3 class=\"wp-block-heading\" id=\"h-condi-es-gerais\">Condi\u00e7\u00f5es Gerais<\/h3>\n\n\n\n<div class=\"wp-block-advgb-list\"><ul class=\"advgblist-7432cd8f-2354-4907-8758-569682cd6f72 advgb-list advgb-list-arrow-right-alt2\">\n<li>Todas as tarifas s\u00e3o expressas em d\u00f3lares americanos (opcional para troca de moeda) e s\u00e3o agendadas por pessoa.<\/li>\n\n\n\n<li>Tarifas v\u00e1lidas apenas para peruanos incluem IGV.<\/li>\n\n\n\n<li>Todas as nossas tarifas est\u00e3o sujeitas a disponibilidade e altera\u00e7\u00f5es.<\/li>\n\n\n\n<li>Crian\u00e7as menores de 02 anos e 11 meses s\u00e3o consideradas INF (beb\u00eas), n\u00e3o pagam por nenhum servi\u00e7o e n\u00e3o t\u00eam direito a comida, cama ou assento em passeios.<\/li>\n\n\n\n<li>DCC (crian\u00e7a) \u00e9 considerada crian\u00e7a de 03 a 10 anos e 11 meses, possui tarifa especial e compartilha um quarto com os pais.<\/li>\n\n\n\n<li>Crian\u00e7as acima de 11 anos consideradas como adultos.<\/li>\n\n\n\n<li>Os menores devem viajar com um documento de identidade.<\/li>\n\n\n\n<li>As tarifas n\u00e3o se aplicam a feriados, P\u00e1scoa, fins de semana prolongados, feriados nacionais, Natal ou Ano Novo.<\/li>\n<\/ul><\/div>\n\n\n\n<div class=\"wp-block-buttons is-horizontal is-content-justification-center is-layout-flex wp-container-core-buttons-is-layout-499968f5 wp-block-buttons-is-layout-flex\">\n<div class=\"wp-block-button\"><a class=\"wp-block-button__link has-white-color has-text-color has-background wp-element-button\" href=\"https:\/\/dreamy.tours\/pt-br\/politicas-da-empresa\/\" style=\"background-color:#f81845\">POL\u00cdTICAS DA EMPRESA<\/a><\/div>\n<\/div>\n\n\n\n<\/div><h2 class=\"tabtitle\"><span class=\"fa fa-book\"><\/span>Mais informa\u00e7\u00e3o<\/h2>\n<div class=\"tabcontent\">\n\n\n\n\n<h3 class=\"wp-block-heading\" id=\"h-la-paz-bolivia\">LA PAZ, BOLIVIA<\/h3>\n\n\n\n<p>A Bol\u00edvia \u00e9 um pa\u00eds m\u00e1gico, com uma cultura maravilhosa e muita biodiversidade, La Paz \u00e9 uma cidade cheia de contrastes e a mais cosmopolita da Bol\u00edvia.<\/p>\n\n\n\n<p>Sua diversidade geogr\u00e1fica e cultural oferece a seus visitantes uma experi\u00eancia \u00fanica e inesquec\u00edvel, que destaca seu desenvolvimento, sua modernidade e a mem\u00f3ria de um passado que muito contribuiu para as grandes transforma\u00e7\u00f5es da Bol\u00edvia.<\/p>\n\n\n\n<p>No mesmo pa\u00eds da Bol\u00edvia, voc\u00ea pode encontrar desertos de sal do tamanho das Ast\u00farias, montanhas que chegam a 6.500m de altitude e uma selva amaz\u00f4nica que o impressionar\u00e1.<\/p>\n\n\n\n<h3 class=\"wp-block-heading\" id=\"h-clima-de-la-paz-bol-via\">Clima de La Paz Bol\u00edvia<\/h3>\n\n\n\n<p>Em La Paz, os ver\u00f5es s\u00e3o curtos, frescos e nublados e os invernos curtos, muito frios, secos e parcialmente nublados.<\/p>\n\n\n\n<p>Durante o ano, a temperatura geralmente varia de -2 \u00b0 C a 15 \u00b0 C e ocasionalmente cai abaixo de -5 \u00b0 C ou sobe acima de 18 \u00b0 C.<\/p>\n\n\n\n<p>E \u00e9 recomend\u00e1vel visitar La Paz para atividades em \u00e9pocas de calor, do final de abril ao final de maio, e de agosto aos primeiros dias de dezembro.<\/p>\n\n\n\n<h3 class=\"wp-block-heading\" id=\"h-locais-a-visitar-em-la-paz\">Locais a visitar em La Paz.<\/h3>\n\n\n\n<p>A Bas\u00edlica de S\u00e3o Francisco .- \u00c9 o principal templo religioso de La Paz, foi constru\u00eddo em 1758. Junto com sua beleza equilibrada e espiritual, possui uma lenda referente \u00e0 evangeliza\u00e7\u00e3o inici\u00e1tica dos povos ind\u00edgenas.<\/p>\n\n\n\n<p>Calle Ja\u00e9n .- Colorida, vistosa e muito alegre durante o dia, a rua Ja\u00e9n se enche de enigmas, hist\u00f3rias horr\u00edveis e mist\u00e9rios perturbadores ao cair da noite. Voc\u00ea tem coragem de visit\u00e1-lo sob a presen\u00e7a assombrosa da escurid\u00e3o?<\/p>\n\n\n\n<p>O telef\u00e9rico .- Muitas cidades possuem este meio de transporte. Em La Paz foi constru\u00eddo recentemente. Barato e com vistas espetaculares, recomendamos que voc\u00ea chegue na Plaza de Espa\u00f1a. Uma vez em El Alto, seria uma boa ideia comer um frango frito t\u00edpico.<\/p>\n\n\n\n<p>O Vale da Lua.- Localizada na Zona Sul, \u00e9 uma cena lunar que parece retirada de um filme espacial. Armstrong, o primeiro astronauta a andar na lua, reconheceu que \u00e9 a coisa mais pr\u00f3xima da lua que ele j\u00e1 viu.<\/p>\n\n\n\n<p id=\"h-sorata-planejar-uma-excurs-o-ao-vale-do-sorata-permite-admirar-a-montanha-conhecida-como-nevado-illampu-realizar-trilhas-inesquec-veis-visitar-o-povoado-colonial-e-visitar-as-grutas-de-san-pedro-lago-titicaca-copacabana\">Sorata.- Planejar uma excurs\u00e3o ao Vale do Sorata permite admirar a montanha conhecida como Nevado Illampu, realizar trilhas inesquec\u00edveis, visitar o povoado colonial e visitar as grutas de San Pedro.<\/p>\n\n\n\n<h3 class=\"wp-block-heading\" id=\"h-lago-titicaca-copacabana\">Lago Titicaca &#8211; Copacabana<\/h3>\n\n\n\n<p id=\"h-sorata-planejar-uma-excurs-o-ao-vale-do-sorata-permite-admirar-a-montanha-conhecida-como-nevado-illampu-realizar-trilhas-inesquec-veis-visitar-o-povoado-colonial-e-visitar-as-grutas-de-san-pedro-lago-titicaca-copacabana\">Este lago est\u00e1 localizado no Departamento de La Paz, a tr\u00eas horas de \u00f4nibus da capital de mesmo nome.<\/p>\n\n\n\n<p>Lago Titicaca Possui 283 metros de profundidade e extens\u00e3o total de 176 km. de comprimento e 70 km de largura, \u00e9 classificado como o lago naveg\u00e1vel mais alto do mundo, com uma altura de 3.810 metros acima do n\u00edvel do mar.<\/p>\n\n\n\n<p>Est\u00e1 dividido em duas bacias principais, denominadas &#8220;Lago Mayor del Titicaca&#8221; e &#8220;Lago Menor del Titicaca&#8221;.<\/p>\n\n\n\n<h3 class=\"wp-block-heading\" id=\"h-atrativos-tur-sticos-na-lagoa-de-copacabana\">Atrativos tur\u00edsticos na Lagoa de Copacabana<\/h3>\n\n\n\n<ul class=\"wp-block-list\">\n<li>Tiwanaku Huatajata Copacabana<\/li>\n\n\n\n<li>Ilha do Sol<\/li>\n\n\n\n<li>Ilha Suriki<\/li>\n\n\n\n<li>Ilha da Lua ou Koati<\/li>\n\n\n\n<li>Ilha Kewaya ou Kala Uta<\/li>\n\n\n\n<li>Terra\u00e7os de cultivo pr\u00e9-colombianos<\/li>\n\n\n\n<li>Sampaya<\/li>\n\n\n\n<li>Yampupata<\/li>\n\n\n\n<li>A Ilha do Sol<\/li>\n<\/ul>\n\n\n\n<p>Est\u00e1 localizado na Bol\u00edvia, localizado no meio do Lago Titicaca, e tem uma extens\u00e3o de 9,6 km por 4,6 km de largura e uma \u00e1rea de 14,3 km\u00b2. E \u00e9 o lago mais alto do mundo.<\/p>\n\n\n\n<p>Diz a lenda que nessa ilha Sol criou seu filho, Manco Capac e sua filha Mama Ocllo, os primeiros incas que mais tarde foram para o norte para fundar Cusco no cora\u00e7\u00e3o do que se tornaria o imp\u00e9rio inca.<\/p>\n\n\n\n<p>Para chegar \u00e0 ilha do sol, a \u00fanica maneira de chegar \u00e9 via Copacabana, no lado boliviano do lago. A cidade de Copacabana fica a 2 horas de Puno, no lado peruano.<\/p>\n\n\n\n<p>L\u00e1 voc\u00ea poder\u00e1 descobrir paisagens de cart\u00e3o-postal, importantes s\u00edtios arqueol\u00f3gicos e comunidades qu\u00edchuas e aimar\u00e1s que hoje mant\u00eam suas tradi\u00e7\u00f5es ancestrais.<\/p>\n\n\n\n<p>Ao longo de toda a ilha existem v\u00e1rios s\u00edtios arqueol\u00f3gicos, onde se destaca a &#8220;Pedra Sagrada&#8221; ou Pedra das origens, que segundo as cr\u00f4nicas foi o local de onde partiram Manco C\u00e1pac e Mama Ocllo para fundar a cidade de Cuzco. Da mesma forma, o Chinkana ou labirinto \u00e9 apreciado, al\u00e9m do Pal\u00e1cio Pilkokaina do per\u00edodo Inca, \u00fanico por suas caracter\u00edsticas construtivas.<\/p>\n\n\n\n<h3 class=\"wp-block-heading\" id=\"h-quando-viajar-para-isla-del-sol\">Quando viajar para Isla del Sol<\/h3>\n\n\n\n<p>Voc\u00ea pode visitar o ano todo e desfrutar de um clima semi-\u00e1rido frio. As temperaturas durante o ano variam entre 25 \u00b0 C e 15 \u00b0 C durante o dia, enquanto \u00e0 noite as temperaturas caem drasticamente at\u00e9 abaixo de 0 \u00b0 C.<\/p>\n\n\n\n<p>A melhor \u00e9poca para visitar a ilha \u00e9 entre maio e outubro porque os dias s\u00e3o quentes e ensolarados, mas as noites ser\u00e3o sempre bem frescas.<\/p>\n\n\n\n<p>O tempo ideal de estadia \u00e9 de 2 dias para poder curtir a zona norte, visitar as ru\u00ednas, fazer a Trilha Inca at\u00e9 a zona sul, descansar e no dia seguinte curtir o nascer do sol na ilha e retornar a Copacabana.<\/p>\n\n\n\n<p>Vulc\u00e3o Ollag\u00fce<br>O vulc\u00e3o Ollag\u00fce \u00e9 um estratovulc\u00e3o ativo localizado na fronteira da Bol\u00edvia com o Chile, na regi\u00e3o de Antofagasta, no Chile, e no departamento de Potos\u00ed, na Bol\u00edvia, na cordilheira dos Andes, com uma altura de 5.868 metros acima do n\u00edvel do mar , e tem uma cratera de 1250 metros de di\u00e2metro, que foi erodida na parte sul.<\/p>\n\n\n\n<h3 class=\"wp-block-heading\" id=\"h-arvore-de-pedra-a-maior-rvore-do-mundo\">Arvore de pedra &#8211; a maior \u00e1rvore do mundo<\/h3>\n\n\n\n<p id=\"h-est-localizado-na-entrada-da-reserva-nacional-da-fauna-andina-bem-pr-ximo-ao-salar-de-uyuni-no-deserto-de-siloli\">Est\u00e1 localizado na entrada da Reserva Nacional da Fauna Andina, bem pr\u00f3ximo ao Salar de Uyuni, no Deserto de Siloli.<\/p>\n\n\n\n<p>Com quase 5 metros de altura, essa rocha de origem vulc\u00e2nica foi moldada pela a\u00e7\u00e3o dos ventos at\u00e9 compor, ao longo dos anos de eros\u00e3o, a rara imagem que acabou lhe dando o nome de \u00c1rvore de Pedra.<\/p>\n\n\n\n<p>Sua composi\u00e7\u00e3o rochosa \u00e9 composta principalmente por ferro, cujo maior desgaste ocorre com as abundantes chuvas de inverno. Nesta \u00e9poca do ano, a \u00e1rea atinge temperaturas de at\u00e9 30 graus abaixo de zero. Por outro lado, o ver\u00e3o atrai um calor sufocante. Este clima extremo favoreceu a corros\u00e3o erosiva que esculpiu a pedra.<\/p>\n\n\n\n<h3 class=\"wp-block-heading\" id=\"h-a-lagoa-vermelha\">A lagoa vermelha<\/h3>\n\n\n\n<p>Pode ser que a \u00e1gua desta lagoa tenha uma cor t\u00e3o especial porque os milhares de flamingos andinos que v\u00e3o l\u00e1 para criar suas penas murcharam.Ela leva o nome da tonalidade das \u00e1guas que aparecem avermelhadas gra\u00e7as aos pigmentos liberados pelas algas.<\/p>\n\n\n\n<h3 class=\"wp-block-heading\" id=\"h-por-que-ir-para-a-laguna-colorada\">Por que ir para a Laguna Colorada?<\/h3>\n\n\n\n<p>Tem motivos suficientes para o ver, entre eles o facto de se tratar de uma lagoa de 54 quil\u00f3metros quadrados, sendo o local perfeito para explorar e observar p\u00e1ssaros. Sua natureza \u00e9 impressionante e tamb\u00e9m muito bonita.<\/p>\n\n\n\n<\/div><h2 class=\"tabtitle\"><span class=\"fa fa-money\"><\/span>Pre\u00e7os<\/h2>\n<div class=\"tabcontent\">\n\n\n\n\n<h3 class=\"wp-block-heading\">QUANTO CUSTA?<\/h3>\n\n\n\n<p>Temos pre\u00e7os alternativos para atender todos os or\u00e7amentos, pre\u00e7os por pessoa, expressos em d\u00f3lares americanos.<\/p>\n\n\n\n<p>Fa\u00e7a suas cota\u00e7\u00f5es e reservas pelo e-mail info@dreamy.tours, voc\u00ea pode entrar em contato com um de nossos executivos de vendas para os n\u00fameros de telefone abaixo, teremos prazer em atend\u00ea-lo.<\/p>\n\n\n\n<p><strong><strong><strong><strong>Celular \u2013 WhatsApp:<\/strong> +51 969 787 221<br><strong>Celular \u2013 WhatsApp:<\/strong> +51 986 994 218<\/strong><\/strong><\/strong><\/p>\n\n\n\n<h4 class=\"wp-block-heading\">COMO FAZER A RESERVA?<\/h4>\n\n\n\n<p>Para iniciar o processo de sua reserva, envie-nos as seguintes informa\u00e7\u00f5es:<\/p>\n\n\n\n<div class=\"wp-block-advgb-list\"><ul class=\"advgblist-a60ea566-ec39-4d7a-b465-0fd4933992b5 advgb-list advgb-list-admin-post\">\n<li>Nome e sobrenome:<\/li>\n\n\n\n<li>N\u00famero do passaporte:<\/li>\n\n\n\n<li>Nacionalidade:<\/li>\n\n\n\n<li>Data de nascimento:<\/li>\n\n\n\n<li>N\u00famero de telefone:<\/li>\n\n\n\n<li>\u00c9 muito importante que suas informa\u00e7\u00f5es sobre seu hotel na cidade de Cusco, para que possamos busc\u00e1-lo l\u00e1 no in\u00edcio do passeio.<\/li>\n<\/ul><\/div>\n\n\n\n<p><strong><strong>Para confirmar reservas, exigimos 50% do pagamento com anteced\u00eancia e os outros 50% podem ser pagos na chegada ao seu destino.<\/strong><\/strong><\/p>\n\n\n\n<h4 class=\"wp-block-heading\" id=\"h-m-todos-de-pago\">FORMAS DE PAGAMENTO<\/h4>\n\n\n\n<div class=\"wp-block-advgb-list\"><ul class=\"advgblist-217cc175-5440-452d-975a-380260b574f5 advgb-list advgb-list-admin-post\">\n<li>IZIPAY<\/li>\n\n\n\n<li>PAYPAL<\/li>\n\n\n\n<li>WESTER UNION<\/li>\n\n\n\n<li>MONEYGRAM<\/li>\n\n\n\n<li>TRANSFER\u00caNCIA BANCARIA PARA O NOSSO BANCO NO PERU<\/li>\n<\/ul><\/div>\n\n\n\n<div class=\"wp-block-buttons is-horizontal is-content-justification-center is-layout-flex wp-container-core-buttons-is-layout-499968f5 wp-block-buttons-is-layout-flex\">\n<div class=\"wp-block-button is-style-fill\"><a class=\"wp-block-button__link has-white-color has-text-color has-background wp-element-button\" href=\"https:\/\/dreamy.tours\/pt-br\/metodos-de-pagamento\/\" style=\"border-radius:4px;background-color:#f81845\" target=\"_blank\" rel=\"noreferrer noopener\">Detalhes da forma de pagamento aqui<\/a><\/div>\n<\/div>\n\n\n<\/div><\/div>\n<style class=\"advgb-styles-renderer\">.wp-block-advgb-list ul.advgblist-c4a6df2f-ccc8-4654-822e-a33a39912adf > li{font-size:16px;}.wp-block-advgb-list ul.advgblist-c4a6df2f-ccc8-4654-822e-a33a39912adf > li{padding-left:18px;margin-left:0;}.wp-block-advgb-list ul.advgblist-c4a6df2f-ccc8-4654-822e-a33a39912adf > li:before{font-size:16px;color:#000000;line-height:18px;margin:2px;padding:2px;margin-left:-20px}.wp-block-advgb-list ul.advgblist-1ddb7432-44c0-4890-9089-3a0344c61078 > li{font-size:16px;}.wp-block-advgb-list ul.advgblist-1ddb7432-44c0-4890-9089-3a0344c61078 > li{padding-left:18px;margin-left:0;}.wp-block-advgb-list ul.advgblist-1ddb7432-44c0-4890-9089-3a0344c61078 > li:before{font-size:16px;color:#000000;line-height:18px;margin:2px;padding:2px;margin-left:-20px}.wp-block-advgb-list ul.advgblist-71819e3a-e40f-4bff-80fd-c35f9beb37a2 > li{font-size:16px;}.wp-block-advgb-list ul.advgblist-71819e3a-e40f-4bff-80fd-c35f9beb37a2 > li{padding-left:18px;margin-left:0;}.wp-block-advgb-list ul.advgblist-71819e3a-e40f-4bff-80fd-c35f9beb37a2 > li:before{font-size:16px;color:#000000;line-height:18px;margin:2px;padding:2px;margin-left:-20px}.wp-block-advgb-list ul.advgblist-f722cc59-f108-45f0-8d33-ea546acb6837 > li{font-size:16px;}.wp-block-advgb-list ul.advgblist-f722cc59-f108-45f0-8d33-ea546acb6837 > li{padding-left:18px;margin-left:0;}.wp-block-advgb-list ul.advgblist-f722cc59-f108-45f0-8d33-ea546acb6837 > li:before{font-size:16px;color:#000000;line-height:18px;margin:2px;padding:2px;margin-left:-20px}.wp-block-advgb-list ul.advgblist-7432cd8f-2354-4907-8758-569682cd6f72 > li{font-size:16px;}.wp-block-advgb-list ul.advgblist-7432cd8f-2354-4907-8758-569682cd6f72 > li{padding-left:18px;margin-left:0;}.wp-block-advgb-list ul.advgblist-7432cd8f-2354-4907-8758-569682cd6f72 > li:before{font-size:16px;color:#000000;line-height:18px;margin:2px;padding:2px;margin-left:-20px}.wp-block-advgb-list ul.advgblist-a60ea566-ec39-4d7a-b465-0fd4933992b5 > li{font-size:16px;}.wp-block-advgb-list ul.advgblist-a60ea566-ec39-4d7a-b465-0fd4933992b5 > li{padding-left:18px;margin-left:0;}.wp-block-advgb-list ul.advgblist-a60ea566-ec39-4d7a-b465-0fd4933992b5 > li:before{font-size:16px;color:#cf2e2e;line-height:18px;margin:2px;padding:2px;margin-left:-20px}.wp-block-advgb-list ul.advgblist-217cc175-5440-452d-975a-380260b574f5 > li{font-size:16px;}.wp-block-advgb-list ul.advgblist-217cc175-5440-452d-975a-380260b574f5 > li{padding-left:18px;margin-left:0;}.wp-block-advgb-list ul.advgblist-217cc175-5440-452d-975a-380260b574f5 > li:before{font-size:16px;color:#cf2e2e;line-height:18px;margin:2px;padding:2px;margin-left:-20px}<\/style>","protected":false},"excerpt":{"rendered":"<p>Com nosso pacote de 11 Dias Explore a Bol\u00edvia, descubra a magia e o encanto do altiplano, visitando, La Paz, Copacabana, Salar de Uyuni.<\/p>\n","protected":false},"author":1,"featured_media":38451,"parent":4373,"menu_order":0,"comment_status":"closed","ping_status":"closed","template":"page-tours.php","meta":{"_acf_changed":false,"advgb_blocks_editor_width":"","advgb_blocks_columns_visual_guide":"","footnotes":""},"class_list":["post-4509","page","type-page","status-publish","has-post-thumbnail","hentry"],"acf":[],"yoast_head":"<!-- This site is optimized with the Yoast SEO Premium plugin v25.4 (Yoast SEO v27.5) - https:\/\/yoast.com\/product\/yoast-seo-premium-wordpress\/ -->\n<title>Explorador da Bol\u00edvia 13 Dias | Pacotes - Bolivia - Dreamy Tours<\/title>\n<meta name=\"description\" content=\"Com nosso pacote de 13 Dias Explore a Bol\u00edvia, descubra a magia e o encanto do altiplano, visitando, La Paz, Copacabana, Salar de Uyuni.\" \/>\n<meta name=\"robots\" content=\"index, follow, max-snippet:-1, max-image-preview:large, max-video-preview:-1\" \/>\n<link rel=\"canonical\" href=\"https:\/\/dreamy.tours\/pt-br\/bolivia\/pacotes-bolivia-excepcional-13-dias\/\" \/>\n<meta property=\"og:locale\" content=\"pt_BR\" \/>\n<meta property=\"og:type\" content=\"article\" \/>\n<meta property=\"og:title\" content=\"Bolivia Excepcional 13 D\u00edas\" \/>\n<meta property=\"og:description\" content=\"Com nosso pacote de 13 Dias Explore a Bol\u00edvia, descubra a magia e o encanto do altiplano, visitando, La Paz, Copacabana, Salar de Uyuni.\" \/>\n<meta property=\"og:url\" content=\"https:\/\/dreamy.tours\/pt-br\/bolivia\/pacotes-bolivia-excepcional-13-dias\/\" \/>\n<meta property=\"og:site_name\" content=\"Dreamy Tours\" \/>\n<meta property=\"article:publisher\" content=\"https:\/\/www.facebook.com\/dreamytours\" \/>\n<meta property=\"article:modified_time\" content=\"2025-07-05T16:07:27+00:00\" \/>\n<meta property=\"og:image\" content=\"https:\/\/dreamy.tours\/wp-content\/uploads\/Bolivia-Excepcional-13-Dias-1.webp\" \/>\n\t<meta property=\"og:image:width\" content=\"600\" \/>\n\t<meta property=\"og:image:height\" content=\"400\" \/>\n\t<meta property=\"og:image:type\" content=\"image\/webp\" \/>\n<meta name=\"twitter:card\" content=\"summary_large_image\" \/>\n<meta name=\"twitter:site\" content=\"@Dreamy_tours\" \/>\n<meta name=\"twitter:label1\" content=\"Est. tempo de leitura\" \/>\n\t<meta name=\"twitter:data1\" content=\"17 minutos\" \/>\n<script type=\"application\/ld+json\" class=\"yoast-schema-graph\">{\"@context\":\"https:\\\/\\\/schema.org\",\"@graph\":[{\"@type\":\"WebPage\",\"@id\":\"https:\\\/\\\/dreamy.tours\\\/pt-br\\\/bolivia\\\/pacotes-bolivia-excepcional-13-dias\\\/\",\"url\":\"https:\\\/\\\/dreamy.tours\\\/pt-br\\\/bolivia\\\/pacotes-bolivia-excepcional-13-dias\\\/\",\"name\":\"Explorador da Bol\u00edvia 13 Dias | Pacotes - Bolivia - Dreamy Tours\",\"isPartOf\":{\"@id\":\"https:\\\/\\\/dreamy.tours\\\/pt-br\\\/#website\"},\"primaryImageOfPage\":{\"@id\":\"https:\\\/\\\/dreamy.tours\\\/pt-br\\\/bolivia\\\/pacotes-bolivia-excepcional-13-dias\\\/#primaryimage\"},\"image\":{\"@id\":\"https:\\\/\\\/dreamy.tours\\\/pt-br\\\/bolivia\\\/pacotes-bolivia-excepcional-13-dias\\\/#primaryimage\"},\"thumbnailUrl\":\"https:\\\/\\\/dreamy.tours\\\/wp-content\\\/uploads\\\/Bolivia-Excepcional-13-Dias-1.webp\",\"datePublished\":\"2025-06-01T17:27:09+00:00\",\"dateModified\":\"2025-07-05T16:07:27+00:00\",\"description\":\"Com nosso pacote de 13 Dias Explore a Bol\u00edvia, descubra a magia e o encanto do altiplano, visitando, La Paz, Copacabana, Salar de Uyuni.\",\"breadcrumb\":{\"@id\":\"https:\\\/\\\/dreamy.tours\\\/pt-br\\\/bolivia\\\/pacotes-bolivia-excepcional-13-dias\\\/#breadcrumb\"},\"inLanguage\":\"pt-BR\",\"potentialAction\":[{\"@type\":\"ReadAction\",\"target\":[\"https:\\\/\\\/dreamy.tours\\\/pt-br\\\/bolivia\\\/pacotes-bolivia-excepcional-13-dias\\\/\"]}]},{\"@type\":\"ImageObject\",\"inLanguage\":\"pt-BR\",\"@id\":\"https:\\\/\\\/dreamy.tours\\\/pt-br\\\/bolivia\\\/pacotes-bolivia-excepcional-13-dias\\\/#primaryimage\",\"url\":\"https:\\\/\\\/dreamy.tours\\\/wp-content\\\/uploads\\\/Bolivia-Excepcional-13-Dias-1.webp\",\"contentUrl\":\"https:\\\/\\\/dreamy.tours\\\/wp-content\\\/uploads\\\/Bolivia-Excepcional-13-Dias-1.webp\",\"width\":600,\"height\":400},{\"@type\":\"BreadcrumbList\",\"@id\":\"https:\\\/\\\/dreamy.tours\\\/pt-br\\\/bolivia\\\/pacotes-bolivia-excepcional-13-dias\\\/#breadcrumb\",\"itemListElement\":[{\"@type\":\"ListItem\",\"position\":1,\"name\":\"Home\",\"item\":\"https:\\\/\\\/dreamy.tours\\\/pt-br\\\/\"},{\"@type\":\"ListItem\",\"position\":2,\"name\":\"Passeios em Bolivia\",\"item\":\"https:\\\/\\\/dreamy.tours\\\/pt-br\\\/bolivia\\\/\"},{\"@type\":\"ListItem\",\"position\":3,\"name\":\"Bolivia Excepcional 13 D\u00edas\"}]},{\"@type\":\"WebSite\",\"@id\":\"https:\\\/\\\/dreamy.tours\\\/pt-br\\\/#website\",\"url\":\"https:\\\/\\\/dreamy.tours\\\/pt-br\\\/\",\"name\":\"Dreamy Tours\",\"description\":\"\",\"publisher\":{\"@id\":\"https:\\\/\\\/dreamy.tours\\\/pt-br\\\/#organization\"},\"potentialAction\":[{\"@type\":\"SearchAction\",\"target\":{\"@type\":\"EntryPoint\",\"urlTemplate\":\"https:\\\/\\\/dreamy.tours\\\/pt-br\\\/?s={search_term_string}\"},\"query-input\":{\"@type\":\"PropertyValueSpecification\",\"valueRequired\":true,\"valueName\":\"search_term_string\"}}],\"inLanguage\":\"pt-BR\"},{\"@type\":\"Organization\",\"@id\":\"https:\\\/\\\/dreamy.tours\\\/pt-br\\\/#organization\",\"name\":\"Dreamy Tours\",\"url\":\"https:\\\/\\\/dreamy.tours\\\/pt-br\\\/\",\"logo\":{\"@type\":\"ImageObject\",\"inLanguage\":\"pt-BR\",\"@id\":\"https:\\\/\\\/dreamy.tours\\\/pt-br\\\/#\\\/schema\\\/logo\\\/image\\\/\",\"url\":\"https:\\\/\\\/dreamy.tours\\\/wp-content\\\/uploads\\\/dreamy-tour-cuadrado.jpg\",\"contentUrl\":\"https:\\\/\\\/dreamy.tours\\\/wp-content\\\/uploads\\\/dreamy-tour-cuadrado.jpg\",\"width\":696,\"height\":696,\"caption\":\"Dreamy Tours\"},\"image\":{\"@id\":\"https:\\\/\\\/dreamy.tours\\\/pt-br\\\/#\\\/schema\\\/logo\\\/image\\\/\"},\"sameAs\":[\"https:\\\/\\\/www.facebook.com\\\/dreamytours\",\"https:\\\/\\\/x.com\\\/Dreamy_tours\",\"https:\\\/\\\/www.instagram.com\\\/dreamy_tours\\\/\",\"https:\\\/\\\/www.pinterest.es\\\/dreamy_tours\\\/\",\"https:\\\/\\\/www.youtube.com\\\/channel\\\/UCGKP_C9x8GBYl7l8D0QD9Fg\"]}]}<\/script>\n<!-- \/ Yoast SEO Premium plugin. -->","yoast_head_json":{"title":"Explorador da Bol\u00edvia 13 Dias | Pacotes - Bolivia - Dreamy Tours","description":"Com nosso pacote de 13 Dias Explore a Bol\u00edvia, descubra a magia e o encanto do altiplano, visitando, La Paz, Copacabana, Salar de Uyuni.","robots":{"index":"index","follow":"follow","max-snippet":"max-snippet:-1","max-image-preview":"max-image-preview:large","max-video-preview":"max-video-preview:-1"},"canonical":"https:\/\/dreamy.tours\/pt-br\/bolivia\/pacotes-bolivia-excepcional-13-dias\/","og_locale":"pt_BR","og_type":"article","og_title":"Bolivia Excepcional 13 D\u00edas","og_description":"Com nosso pacote de 13 Dias Explore a Bol\u00edvia, descubra a magia e o encanto do altiplano, visitando, La Paz, Copacabana, Salar de Uyuni.","og_url":"https:\/\/dreamy.tours\/pt-br\/bolivia\/pacotes-bolivia-excepcional-13-dias\/","og_site_name":"Dreamy Tours","article_publisher":"https:\/\/www.facebook.com\/dreamytours","article_modified_time":"2025-07-05T16:07:27+00:00","og_image":[{"width":600,"height":400,"url":"https:\/\/dreamy.tours\/wp-content\/uploads\/Bolivia-Excepcional-13-Dias-1.webp","type":"image\/webp"}],"twitter_card":"summary_large_image","twitter_site":"@Dreamy_tours","twitter_misc":{"Est. tempo de leitura":"17 minutos"},"schema":{"@context":"https:\/\/schema.org","@graph":[{"@type":"WebPage","@id":"https:\/\/dreamy.tours\/pt-br\/bolivia\/pacotes-bolivia-excepcional-13-dias\/","url":"https:\/\/dreamy.tours\/pt-br\/bolivia\/pacotes-bolivia-excepcional-13-dias\/","name":"Explorador da Bol\u00edvia 13 Dias | Pacotes - Bolivia - Dreamy Tours","isPartOf":{"@id":"https:\/\/dreamy.tours\/pt-br\/#website"},"primaryImageOfPage":{"@id":"https:\/\/dreamy.tours\/pt-br\/bolivia\/pacotes-bolivia-excepcional-13-dias\/#primaryimage"},"image":{"@id":"https:\/\/dreamy.tours\/pt-br\/bolivia\/pacotes-bolivia-excepcional-13-dias\/#primaryimage"},"thumbnailUrl":"https:\/\/dreamy.tours\/wp-content\/uploads\/Bolivia-Excepcional-13-Dias-1.webp","datePublished":"2025-06-01T17:27:09+00:00","dateModified":"2025-07-05T16:07:27+00:00","description":"Com nosso pacote de 13 Dias Explore a Bol\u00edvia, descubra a magia e o encanto do altiplano, visitando, La Paz, Copacabana, Salar de Uyuni.","breadcrumb":{"@id":"https:\/\/dreamy.tours\/pt-br\/bolivia\/pacotes-bolivia-excepcional-13-dias\/#breadcrumb"},"inLanguage":"pt-BR","potentialAction":[{"@type":"ReadAction","target":["https:\/\/dreamy.tours\/pt-br\/bolivia\/pacotes-bolivia-excepcional-13-dias\/"]}]},{"@type":"ImageObject","inLanguage":"pt-BR","@id":"https:\/\/dreamy.tours\/pt-br\/bolivia\/pacotes-bolivia-excepcional-13-dias\/#primaryimage","url":"https:\/\/dreamy.tours\/wp-content\/uploads\/Bolivia-Excepcional-13-Dias-1.webp","contentUrl":"https:\/\/dreamy.tours\/wp-content\/uploads\/Bolivia-Excepcional-13-Dias-1.webp","width":600,"height":400},{"@type":"BreadcrumbList","@id":"https:\/\/dreamy.tours\/pt-br\/bolivia\/pacotes-bolivia-excepcional-13-dias\/#breadcrumb","itemListElement":[{"@type":"ListItem","position":1,"name":"Home","item":"https:\/\/dreamy.tours\/pt-br\/"},{"@type":"ListItem","position":2,"name":"Passeios em Bolivia","item":"https:\/\/dreamy.tours\/pt-br\/bolivia\/"},{"@type":"ListItem","position":3,"name":"Bolivia Excepcional 13 D\u00edas"}]},{"@type":"WebSite","@id":"https:\/\/dreamy.tours\/pt-br\/#website","url":"https:\/\/dreamy.tours\/pt-br\/","name":"Dreamy Tours","description":"","publisher":{"@id":"https:\/\/dreamy.tours\/pt-br\/#organization"},"potentialAction":[{"@type":"SearchAction","target":{"@type":"EntryPoint","urlTemplate":"https:\/\/dreamy.tours\/pt-br\/?s={search_term_string}"},"query-input":{"@type":"PropertyValueSpecification","valueRequired":true,"valueName":"search_term_string"}}],"inLanguage":"pt-BR"},{"@type":"Organization","@id":"https:\/\/dreamy.tours\/pt-br\/#organization","name":"Dreamy Tours","url":"https:\/\/dreamy.tours\/pt-br\/","logo":{"@type":"ImageObject","inLanguage":"pt-BR","@id":"https:\/\/dreamy.tours\/pt-br\/#\/schema\/logo\/image\/","url":"https:\/\/dreamy.tours\/wp-content\/uploads\/dreamy-tour-cuadrado.jpg","contentUrl":"https:\/\/dreamy.tours\/wp-content\/uploads\/dreamy-tour-cuadrado.jpg","width":696,"height":696,"caption":"Dreamy Tours"},"image":{"@id":"https:\/\/dreamy.tours\/pt-br\/#\/schema\/logo\/image\/"},"sameAs":["https:\/\/www.facebook.com\/dreamytours","https:\/\/x.com\/Dreamy_tours","https:\/\/www.instagram.com\/dreamy_tours\/","https:\/\/www.pinterest.es\/dreamy_tours\/","https:\/\/www.youtube.com\/channel\/UCGKP_C9x8GBYl7l8D0QD9Fg"]}]}},"coauthors":[],"author_meta":{"author_link":"https:\/\/dreamy.tours\/pt-br\/blog\/author\/admin_dt\/","display_name":"Dreamy Tours"},"relative_dates":{"created":"Publicado 11 meses atr\u00e1s","modified":"Atualizado 10 meses atr\u00e1s"},"absolute_dates":{"created":"Publicado em 1 junho, 2025","modified":"Atualizado em 5 julho, 2025"},"absolute_dates_time":{"created":"Publicado em 1 junho, 2025 12:27 pm","modified":"Atualizado em 5 julho, 2025 11:07 am"},"featured_img_caption":"","featured_img":"https:\/\/dreamy.tours\/wp-content\/uploads\/Bolivia-Excepcional-13-Dias-1.webp","series_order":"","_links":{"self":[{"href":"https:\/\/dreamy.tours\/pt-br\/wp-json\/wp\/v2\/pages\/4509","targetHints":{"allow":["GET"]}}],"collection":[{"href":"https:\/\/dreamy.tours\/pt-br\/wp-json\/wp\/v2\/pages"}],"about":[{"href":"https:\/\/dreamy.tours\/pt-br\/wp-json\/wp\/v2\/types\/page"}],"author":[{"embeddable":true,"href":"https:\/\/dreamy.tours\/pt-br\/wp-json\/wp\/v2\/users\/1"}],"replies":[{"embeddable":true,"href":"https:\/\/dreamy.tours\/pt-br\/wp-json\/wp\/v2\/comments?post=4509"}],"version-history":[{"count":0,"href":"https:\/\/dreamy.tours\/pt-br\/wp-json\/wp\/v2\/pages\/4509\/revisions"}],"up":[{"embeddable":true,"href":"https:\/\/dreamy.tours\/pt-br\/wp-json\/wp\/v2\/pages\/4373"}],"wp:featuredmedia":[{"embeddable":true,"href":"https:\/\/dreamy.tours\/pt-br\/wp-json\/wp\/v2\/media\/38451"}],"wp:attachment":[{"href":"https:\/\/dreamy.tours\/pt-br\/wp-json\/wp\/v2\/media?parent=4509"}],"curies":[{"name":"wp","href":"https:\/\/api.w.org\/{rel}","templated":true}]}}